{"id":9591,"date":"2025-12-01T12:39:23","date_gmt":"2025-12-01T11:39:23","guid":{"rendered":"https:\/\/www.la-academia-tango.net\/cms\/?page_id=9591"},"modified":"2026-01-20T17:22:43","modified_gmt":"2026-01-20T16:22:43","slug":"cuarteto-mulenga","status":"publish","type":"page","link":"https:\/\/www.la-academia-tango.net\/cms\/cuarteto-mulenga\/","title":{"rendered":"Cuarteto Mulenga"},"content":{"rendered":"<p style=\"text-align: center;\"><a href=\"https:\/\/www.la-academia-tango.net\/cms\/cuarteto-mulenga\/\"><span style=\"font-size: 14pt;\"><strong><span style=\"color: #ff0000;\"><span style=\"font-size: 30px;\">\u00bb Cuarteto Mulenga<\/span><\/span><\/strong><\/span><\/a><a href=\"https:\/\/www.la-academia-tango.net\/cms\/loco-motivo-deutsch\/\"><span style=\"font-size: 14pt;\"><strong><span style=\"color: #ff0000;\"><span style=\"font-size: 30px;\"><br \/>\n<\/span><\/span><\/strong><\/span><\/a><\/p>\n<p style=\"text-align: center;\"><span style=\"font-size: 18px;\">Mittwoch, 25. Februar<\/span><\/p>\n<p style=\"text-align: center;\"><span style=\"font-size: 18px;\">20 Uhr\u00a0<\/span><\/p>\n<p style=\"text-align: center;\"><span style=\"font-size: 18px;\">Zum\u00a0 zweiten Mal d\u00fcrfen wir das grandiose Tango Orchester bei uns begr\u00fc\u00dfen. Wir freuen uns sehr.<\/span><\/p>\n<p>&nbsp;<\/p>\n<p><img loading=\"lazy\" decoding=\"async\" class=\"aligncenter size-large wp-image-9610\" src=\"https:\/\/www.la-academia-tango.net\/cms\/wp-content\/uploads\/Mulenga-1024x478.jpg\" alt=\"\" width=\"1024\" height=\"478\" \/><\/p>\n<p>&nbsp;<\/p>\n<p>&nbsp;<\/p>\n<p>&nbsp;<\/p>\n<pre style=\"text-align: center;\"><a style=\"color: #ff0000;\" href=\"http:\/\/www.la-academia-tango.net\/cms\/newsletter-anmeldung\/\" target=\"_blank\" rel=\"noopener noreferrer\">\u00bb Newsletter abonnieren<\/a><\/pre>\n<pre style=\"text-align: center;\"><span style=\"color: #ff0000;\"><a style=\"color: #ff0000;\" href=\"https:\/\/www.la-academia-tango.net\/cms\/keinen-newsletter-mehr\/\" target=\"_blank\" rel=\"noopener noreferrer\">\u00bb Newsletter abbestellen - antworte auf die Mail und schreibe \"ich m\u00f6chte keine Infos mehr\" oder klicke hier<\/a>\r\n<\/span><\/pre>\n<p>&nbsp;<\/p>\n<p>&nbsp;<\/p>\n<p style=\"text-align: center;\"><span style=\"color: #ffffff;\">.<\/span><\/p>\n<p style=\"text-align: center;\"><span style=\"color: #ffffff;\">.<\/span><\/p>\n<p>&nbsp;<\/p>\n","protected":false},"excerpt":{"rendered":"<p>\u00bb Cuarteto Mulenga Mittwoch, 25. Februar 20 Uhr\u00a0 Zum\u00a0 zweiten Mal d\u00fcrfen wir das grandiose Tango Orchester bei uns begr\u00fc\u00dfen. Wir freuen uns sehr. &nbsp; &nbsp; &nbsp; &nbsp; \u00bb Newsletter abonnieren \u00bb Newsletter abbestellen -[&#8230;]<\/p>\n","protected":false},"author":2,"featured_media":0,"parent":0,"menu_order":0,"comment_status":"closed","ping_status":"closed","template":"","meta":{"footnotes":""},"class_list":["post-9591","page","type-page","status-publish","hentry"],"_links":{"self":[{"href":"https:\/\/www.la-academia-tango.net\/cms\/wp-json\/wp\/v2\/pages\/9591","targetHints":{"allow":["GET"]}}],"collection":[{"href":"https:\/\/www.la-academia-tango.net\/cms\/wp-json\/wp\/v2\/pages"}],"about":[{"href":"https:\/\/www.la-academia-tango.net\/cms\/wp-json\/wp\/v2\/types\/page"}],"author":[{"embeddable":true,"href":"https:\/\/www.la-academia-tango.net\/cms\/wp-json\/wp\/v2\/users\/2"}],"replies":[{"embeddable":true,"href":"https:\/\/www.la-academia-tango.net\/cms\/wp-json\/wp\/v2\/comments?post=9591"}],"version-history":[{"count":5,"href":"https:\/\/www.la-academia-tango.net\/cms\/wp-json\/wp\/v2\/pages\/9591\/revisions"}],"predecessor-version":[{"id":9766,"href":"https:\/\/www.la-academia-tango.net\/cms\/wp-json\/wp\/v2\/pages\/9591\/revisions\/9766"}],"wp:attachment":[{"href":"https:\/\/www.la-academia-tango.net\/cms\/wp-json\/wp\/v2\/media?parent=9591"}],"curies":[{"name":"wp","href":"https:\/\/api.w.org\/{rel}","templated":true}]}}