{"id":8923,"date":"2025-01-09T17:14:35","date_gmt":"2025-01-09T16:14:35","guid":{"rendered":"https:\/\/www.la-academia-tango.net\/cms\/?page_id=8923"},"modified":"2025-01-11T20:33:01","modified_gmt":"2025-01-11T19:33:01","slug":"leisnig-uebernachtungen","status":"publish","type":"page","link":"https:\/\/www.la-academia-tango.net\/cms\/leisnig-uebernachtungen\/","title":{"rendered":"Leisnig \u00dcbernachtungen"},"content":{"rendered":"<pre><span style=\"font-size: 27px; font-family: 'comic sans ms', sans-serif; color: #ff0000;\">\u00dcbernachtungen in\u00a0 Leisnig<\/span><\/pre>\n<p>&nbsp;<\/p>\n<p style=\"text-align: left;\">Der Zeltplatz \/ Bootsverleih-Gel\u00e4nde ist von uns komplett angemietet und bietet viel Raum f\u00fcr Zelte und Wohnmobile.<\/p>\n<p style=\"text-align: left;\">Auch das \u00dcbernachten im Schlafsaal dort mit eigener Isomatte und Schlafsack ist m\u00f6glich.<\/p>\n<p style=\"text-align: left;\">Die \u00dcbernachtung im eigenen Zelt oder Wohnmobil oder im Schlafsaal an diesem Ort reserviert ihr ausschlie\u00dflich \u00fcber uns<\/p>\n<p style=\"text-align: left;\"><a href=\"https:\/\/www.google.com\/maps\/dir\/Kulturbahnhof+Leisnig,+Bahnhofstra%C3%9Fe,+Leisnig,+Deutschland\/Bootshaus+Kanu-Leisnig+e.V.,+An+d.+Muldenwiese,+04703+Leisnig,+Deutschland\/@51.1608183,12.9341172,787m\/data=!3m1!1e3!4m14!4m13!1m5!1m1!1s0x47a70dec7dfee6ab:0xba2406d9beb6fb96!2m2!1d12.9378883!2d51.1600179!1m5!1m1!1s0x47a70d2a5d98aa8b:0x4ff7936538fb6c3b!2m2!1d12.9353054!2d51.1619766!3e2?hl=de-DE&amp;entry=ttu&amp;g_ep=EgoyMDI1MDEwOC4wIKXMDSoASAFQAw%3D%3D\" target=\"_blank\" rel=\"noopener nofollow\"><span style=\"color: #808080;\">\u00bbgoogle maps<\/span><\/a><\/p>\n<p>Kosten pro Person pro Nacht: 20\u20ac<\/p>\n<p>&nbsp;<\/p>\n<p style=\"text-align: right;\"><span style=\"color: #808080;\"><em>The campsite \/ boat hire area is fully rented by us and has plenty of space for tents and caravans.<\/em><\/span><\/p>\n<p style=\"text-align: right;\"><span style=\"color: #808080;\"><em>It is also possible to stay in the dormitory with your own sleeping mat and sleeping bag.<\/em><\/span><\/p>\n<p style=\"text-align: right;\"><span style=\"color: #808080;\"><em>The site is very idyllic, right on the river Mulde.<\/em><\/span><\/p>\n<p style=\"text-align: right;\"><span style=\"color: #808080;\"><em>You can book your overnight stay at this location through us in the registration form.<\/em><\/span><\/p>\n<p style=\"text-align: right;\"><a href=\"https:\/\/www.google.com\/maps\/dir\/Kulturbahnhof+Leisnig,+Bahnhofstra%C3%9Fe,+Leisnig,+Deutschland\/Bootshaus+Kanu-Leisnig+e.V.,+An+d.+Muldenwiese,+04703+Leisnig,+Deutschland\/@51.1608183,12.9341172,787m\/data=!3m1!1e3!4m14!4m13!1m5!1m1!1s0x47a70dec7dfee6ab:0xba2406d9beb6fb96!2m2!1d12.9378883!2d51.1600179!1m5!1m1!1s0x47a70d2a5d98aa8b:0x4ff7936538fb6c3b!2m2!1d12.9353054!2d51.1619766!3e2?hl=de-DE&amp;entry=ttu&amp;g_ep=EgoyMDI1MDEwOC4wIKXMDSoASAFQAw%3D%3D\" target=\"_blank\" rel=\"noopener nofollow\"><span style=\"color: #808080;\"><em>\u00bb google maps<\/em><\/span><\/a><\/p>\n<p style=\"text-align: right;\"><span style=\"color: #808080;\"><em>Cost per person per night: \u20ac20\u00a0<\/em><\/span><\/p>\n<p>&nbsp;<\/p>\n<p>&nbsp;<\/p>\n<p style=\"text-align: left;\"><span style=\"font-family: 'comic sans ms', sans-serif; font-size: 20px;\">Weitere \u00dcbernachtungsvorschl\u00e4ge zur Selbstorganisation <span style=\"color: #808080;\"><em>\/ Other places to stay to organise:<\/em><\/span><\/span><\/p>\n<p>&nbsp;<\/p>\n<p>&nbsp;<\/p>\n<p style=\"text-align: left;\"><span style=\"font-size: 18px; color: #ffffff;\"><span style=\"font-size: 14px;\">|<\/span><\/span><span style=\"color: #ff0000;\"><a style=\"color: #ff0000;\" href=\"https:\/\/www.meinleisnig.de\/uebernachten?qlm=38&amp;qld=1&amp;recordstatus__in=active%2C1&amp;search_radius=25&amp;categories__name=Hotel&amp;ql_flags=de&amp;limit=10&amp;offset=\" target=\"_blank\" rel=\"noopener nofollow\">\u00bb \u00fcber das Portal &#8222;Mein Leisnig&#8220;-\u00dcbernachtungen<br \/>\n<\/a><\/span><span style=\"font-size: 14px;\"><span style=\"color: #333333;\">Ferienwohnungen \/ Pensionen \/ Hotels\u00a0<\/span><\/span><\/p>\n<p><span style=\"color: #ffffff;\">.<\/span><\/p>\n<p><a href=\"https:\/\/www.zum-stiefel.de\/\" target=\"_blank\" rel=\"noopener nofollow\"><span style=\"color: #ff0000;\">\u00bb Gasthaus zum Stiefel<br \/>\n<\/span><\/a><span style=\"font-size: 14px;\"><span style=\"color: #333333;\">Burglehn 11, 04703 Leisnig\u00a0 \u00a0<\/span><span style=\"color: #808080;\">&#x1f4de;<\/span>034321 627 685 \u00a0 \u00a0\u00a0&#x2709;\u00a0 gasthof-zum-stiefel@web.de<\/span><br \/>\n<span style=\"font-size: 14px;\"><a href=\"https:\/\/www.google.com\/maps\/dir\/Kulturbahnhof+Leisnig,+Bahnhofstra%C3%9Fe,+Leisnig,+Deutschland\/Burglehn+11,+04703+Leisnig\/@51.1621671,12.9322643,1149m\/data=!3m1!1e3!4m14!4m13!1m5!1m1!1s0x47a70dec7dfee6ab:0xba2406d9beb6fb96!2m2!1d12.9378883!2d51.1600179!1m5!1m1!1s0x47a70da40e9d674f:0x3dd774ed62f812a1!2m2!1d12.9252757!2d51.1629072!3e2?hl=de-DE&amp;entry=ttu&amp;g_ep=EgoyMDI1MDEwNi4xIKXMDSoASAFQAw%3D%3D\" target=\"_blank\" rel=\"noopener nofollow\"><span style=\"color: #808080;\">google map <\/span><\/a><\/span><span style=\"color: #808080; font-size: 9px;\"><span style=\"font-size: 14px;\">\u00a0<\/span> \u00a0 \u00a0 \u00a0 \u00a0 \u00a0 \u00a0 \u00a0.<\/span><\/p>\n<p>&nbsp;<\/p>\n<p><a href=\"https:\/\/www.gaestehaus-am-markt.de\/\" target=\"_blank\" rel=\"noopener nofollow\"><span style=\"color: #ff0000;\">\u00bb G\u00e4stehaus am Markt<br \/>\n<\/span><\/a><span style=\"font-size: 14px; color: #333333;\">Markt 3, 04703 Leisnig\u00a0 \u00a0 &#x1f4de; 034321 12173\u00a0 \u00a0 <a style=\"color: #333333;\" href=\"https:\/\/www.gaestehaus-am-markt.de\/kontakt\" target=\"_blank\" rel=\"noopener nofollow\">&#x2709;\u00a0 Kontakt<\/a><\/span><br \/>\n<a href=\"https:\/\/www.google.com\/maps\/dir\/Kulturbahnhof+Leisnig,+Bahnhofstra%C3%9Fe,+Leisnig,+Deutschland\/Markt+3,+04703+Leisnig\/@51.1621671,12.9322643,1149m\/data=!3m2!1e3!4b1!4m14!4m13!1m5!1m1!1s0x47a70dec7dfee6ab:0xba2406d9beb6fb96!2m2!1d12.9378883!2d51.1600179!1m5!1m1!1s0x47a70da1a0b355f3:0x4e9454752450d582!2m2!1d12.9273071!2d51.1595584!3e2?hl=de-DE&amp;entry=ttu&amp;g_ep=EgoyMDI1MDEwNi4xIKXMDSoASAFQAw%3D%3D\" target=\"_blank\" rel=\"noopener nofollow\"><span style=\"font-size: 14px;\"><span style=\"color: #808080;\">google map <\/span><\/span><\/a><span style=\"color: #808080; font-size: 9px;\"><span style=\"font-size: 14px;\">\u00a0<\/span> \u00a0 \u00a0 \u00a0 \u00a0 \u00a0<\/span><\/p>\n<p>&nbsp;<\/p>\n<p>&nbsp;<\/p>\n<p>&nbsp;<\/p>\n<p><span style=\"color: #ff0000;\"><a style=\"color: #ff0000;\" href=\"http:\/\/www.pension-rauch.de\/\" target=\"_blank\" rel=\"noopener nofollow\">\u00bb Pension Rauch<\/a><br \/>\n<\/span><span style=\"font-size: 14px;\"><span style=\"color: #333333;\">Chemnitzer Str. 47 Leisnig\u00a0 \u00a0 <\/span><span style=\"color: #808080;\">&#x1f4de; +49 (0) 34321\/12376<\/span>\u00a0 \u00a0\u00a0&#x2709; pension_rauch@gmx.de<\/span><br \/>\n<span style=\"font-size: 14px;\"><span style=\"color: #808080;\">google map <\/span><\/span><span style=\"color: #808080; font-size: 9px;\"><span style=\"font-size: 14px;\">\u00a0<\/span> \u00a0 \u00a0 \u00a0 \u00a0 20 Min\/1 km Fu\u00dfweg oder 10 Min Bus (st\u00fcndlich bis 19 Uhr)<\/span><\/p>\n<p>&nbsp;<\/p>\n<p><span style=\"color: #ff0000;\">\u00bb Touristik Herberge Am Galgenberg<br \/>\n<\/span><span style=\"font-size: 14px;\"><span style=\"color: #333333;\">Zemmeweg 6, 04703 Leisnig \u00a0<\/span><span style=\"color: #808080;\">&#x1f4de; Tel.: 0174 7766971<\/span>\u00a0 \u00a0 \u00a0&#x2709; info@touristik-herberge-am-galgenberg.de<\/span><br \/>\n<a href=\"https:\/\/www.google.com\/maps\/dir\/Kulturbahnhof+Leisnig,+Bahnhofstra%C3%9Fe+31,+04703+Leisnig\/Zemmeweg+6,+04703+Leisnig\/@51.1637699,12.9198686,2068m\/data=!3m2!1e3!4b1!4m14!4m13!1m5!1m1!1s0x47a70dec7dfee6ab:0xba2406d9beb6fb96!2m2!1d12.9378883!2d51.1600179!1m5!1m1!1s0x47a70daf4354c3e9:0x1cabe7ede3671778!2m2!1d12.9277027!2d51.1681724!3e2?authuser=0&amp;entry=ttu&amp;g_ep=EgoyMDI1MDEwOC4wIKXMDSoASAFQAw%3D%3D\" target=\"_blank\" rel=\"noopener nofollow\"><span style=\"font-size: 14px;\"><span style=\"color: #808080;\">google map <\/span><\/span><\/a><span style=\"color: #808080; font-size: 9px;\"><span style=\"font-size: 14px;\">\u00a0<\/span>\u00a0 \u00a0 \u00a0 \u00a0 \u00a0 2km<\/span><\/p>\n<p>&nbsp;<\/p>\n<p><a href=\"https:\/\/www.gut-haferkorn.de\/\" target=\"_blank\" rel=\"noopener nofollow\"><span style=\"color: #ff0000;\">\u00bb Gut Haferkorn<br \/>\n<\/span><\/a><span style=\"font-size: 14px;\"><span style=\"color: #333333;\">Dobernitz 9, 04703 Leisnig OT Bockelwitz\u00a0 \u00a0 <\/span><span style=\"color: #808080;\">&#x1f4de; +49 (0) 34321 637 19 0<\/span>\u00a0 \u00a0 \u00a0&#x2709; info@gut-haferkorn.de<\/span><br \/>\n<a href=\"https:\/\/www.google.com\/maps\/dir\/Kulturbahnhof+Leisnig,+Bahnhofstra%C3%9Fe+31,+04703+Leisnig\/Dobernitz+9,+04703+Leisnig\/@51.1823857,12.8918864,8268m\/data=!3m2!1e3!4b1!4m14!4m13!1m5!1m1!1s0x47a70dec7dfee6ab:0xba2406d9beb6fb96!2m2!1d12.9378883!2d51.1600179!1m5!1m1!1s0x47a70c630be664cf:0xa389aa1ffd3d33b9!2m2!1d12.9488424!2d51.2052867!3e2?authuser=0&amp;entry=ttu&amp;g_ep=EgoyMDI1MDEwOC4wIKXMDSoASAFQAw%3D%3D\" target=\"_blank\" rel=\"noopener nofollow\"><span style=\"font-size: 14px;\"><span style=\"color: #808080;\">google map <\/span><\/span><\/a><span style=\"color: #808080; font-size: 9px;\"><span style=\"font-size: 14px;\">\u00a0<\/span> \u00a0 \u00a0 \u00a0 \u00a0 \u00a0<\/span><\/p>\n<p>&nbsp;<\/p>\n<div>\n<p><a href=\"https:\/\/www.ferienwohnung-alte-tischlerei-leisnig.de\/\" target=\"_blank\" rel=\"noopener nofollow\"><span style=\"color: #ff0000;\">\u00bb Fewo Zur alten Tischlerei<br \/>\n<\/span><\/a><span style=\"font-size: 14px;\"><span style=\"color: #333333;\">Niedermarktgasse 5, 04703 Leisnig <\/span><span style=\"color: #808080;\">&#x1f4de; +4934321 13665\u00a0 <\/span>&#x2709; info@ferienwohnung-alte-tischlerei-leisnig.de<\/span><br \/>\n<a href=\"https:\/\/www.google.com\/maps\/dir\/Kulturbahnhof+Leisnig,+Bahnhofstra%C3%9Fe+31,+04703+Leisnig\/Dobernitz+9,+04703+Leisnig\/@51.1823857,12.8918864,8268m\/data=!3m2!1e3!4b1!4m14!4m13!1m5!1m1!1s0x47a70dec7dfee6ab:0xba2406d9beb6fb96!2m2!1d12.9378883!2d51.1600179!1m5!1m1!1s0x47a70c630be664cf:0xa389aa1ffd3d33b9!2m2!1d12.9488424!2d51.2052867!3e2?authuser=0&amp;entry=ttu&amp;g_ep=EgoyMDI1MDEwOC4wIKXMDSoASAFQAw%3D%3D\" target=\"_blank\" rel=\"noopener nofollow\"><span style=\"font-size: 14px;\"><span style=\"color: #808080;\">google map <\/span><\/span><\/a><span style=\"color: #808080; font-size: 9px;\"> \u00a0 \u00a0 \u00a0 \u00a0 \u00a0 \u00a0 \u00a0&#8230;<\/span><\/p>\n<\/div>\n<p>&nbsp;<\/p>\n<p><span style=\"color: #ff0000;\"><a style=\"color: #ff0000;\" href=\"https:\/\/www.leisnig.de\/m\/verzeichnis\/visitenkarte.php?mandat=216200\" target=\"_blank\" rel=\"noopener nofollow\">\u00bb FeWo Christina Hesse<\/a><br \/>\n<\/span><span style=\"font-size: 14px;\"><span style=\"color: #333333;\">Tautendorf 15B, 04703 Leisnig \u00a0<\/span><span style=\"color: #808080;\">&#x1f4de; Tel.: 034321 20434<\/span>\u00a0 \u00a0\u00a0&#x2709;\u00a0 &#8230;<\/span><br \/>\n<a href=\"https:\/\/www.google.com\/maps\/dir\/Kulturbahnhof+Leisnig,+Bahnhofstra%C3%9Fe+31,+04703+Leisnig\/Tautendorf+15B,+04703+Leisnig\/@51.1603157,12.8919903,4136m\/data=!3m2!1e3!4b1!4m14!4m13!1m5!1m1!1s0x47a70dec7dfee6ab:0xba2406d9beb6fb96!2m2!1d12.9378883!2d51.1600179!1m5!1m1!1s0x47a70df36b7eae39:0x2b65bb16aa69cfce!2m2!1d12.8942438!2d51.1458583!3e0?authuser=0&amp;entry=ttu&amp;g_ep=EgoyMDI1MDEwOC4wIKXMDSoASAFQAw%3D%3D\" target=\"_blank\" rel=\"noopener nofollow\"><span style=\"font-size: 14px;\"><span style=\"color: #808080;\">google map <\/span><\/span><\/a><span style=\"color: #808080; font-size: 9px;\"><span style=\"font-size: 14px;\">\u00a0<\/span> \u00a0 \u00a0 \u00a0 \u00a0 \u00a0 \u00a0 \u00a0&#8230;<\/span><\/p>\n<p>&nbsp;<\/p>\n<p><span style=\"color: #ff0000;\"><span style=\"font-size: 20px;\"><a style=\"color: #ff0000;\" href=\"https:\/\/www.la-academia-tango.net\/cms\/wp-content\/uploads\/Uebernachtungen-1.pdf\" target=\"_blank\" rel=\"noopener\">\u00bb Weitere Vorschl\u00e4ge Liste 1 \/ Other places list 1<\/a><\/span><\/p>\n<p><\/span><\/p>\n<p><span style=\"font-size: 20px;\"><a href=\"https:\/\/www.la-academia-tango.net\/cms\/wp-content\/uploads\/Uebernachtungen-2.pdf\" target=\"_blank\" rel=\"noopener\"><span style=\"color: #ff0000;\">\u00bb Weitere Vorschl\u00e4ge Liste 2 \/ Other places list 2<\/span><\/a><\/span><\/p>\n<p>&nbsp;<\/p>\n<p>&nbsp;<\/p>\n<p>&nbsp;<\/p>\n<p>&nbsp;<\/p>\n<p>&nbsp;<\/p>\n<p>&nbsp;<\/p>\n<p>&nbsp;<\/p>\n<p>&nbsp;<\/p>\n<p>&nbsp;<\/p>\n<p>&nbsp;<\/p>\n<p>&nbsp;<\/p>\n<p>&nbsp;<\/p>\n<p>&nbsp;<\/p>\n<p><span style=\"color: #ff0000;\">\u00bb &#8230;<br \/>\n<\/span><span style=\"font-size: 14px;\"><span style=\"color: #333333;\">&#8230;\u00a0 \u00a0 <\/span><span style=\"color: #808080;\">&#x1f4de; &#8230;<\/span>\u00a0 \u00a0 \u00a0&#x2709;\u00a0 &#8230;<\/span><br \/>\n<span style=\"font-size: 14px;\"><span style=\"color: #808080;\">google map <\/span><\/span><span style=\"color: #808080; font-size: 9px;\"><span style=\"font-size: 14px;\">\u00a0<\/span> \u00a0 \u00a0 \u00a0 \u00a0 \u00a0 \u00a0 \u00a0&#8230;<\/span><\/p>\n<p>&nbsp;<\/p>\n<p>\u00bb<\/p>\n<p>\u00bb<\/p>\n<p>\u00bb<\/p>\n","protected":false},"excerpt":{"rendered":"<p>\u00dcbernachtungen in\u00a0 Leisnig &nbsp; Der Zeltplatz \/ Bootsverleih-Gel\u00e4nde ist von uns komplett angemietet und bietet viel Raum f\u00fcr Zelte und Wohnmobile. Auch das \u00dcbernachten im Schlafsaal dort mit eigener Isomatte und Schlafsack ist m\u00f6glich. Die[&#8230;]<\/p>\n","protected":false},"author":2,"featured_media":0,"parent":0,"menu_order":0,"comment_status":"closed","ping_status":"closed","template":"","meta":{"footnotes":""},"class_list":["post-8923","page","type-page","status-publish","hentry"],"_links":{"self":[{"href":"https:\/\/www.la-academia-tango.net\/cms\/wp-json\/wp\/v2\/pages\/8923","targetHints":{"allow":["GET"]}}],"collection":[{"href":"https:\/\/www.la-academia-tango.net\/cms\/wp-json\/wp\/v2\/pages"}],"about":[{"href":"https:\/\/www.la-academia-tango.net\/cms\/wp-json\/wp\/v2\/types\/page"}],"author":[{"embeddable":true,"href":"https:\/\/www.la-academia-tango.net\/cms\/wp-json\/wp\/v2\/users\/2"}],"replies":[{"embeddable":true,"href":"https:\/\/www.la-academia-tango.net\/cms\/wp-json\/wp\/v2\/comments?post=8923"}],"version-history":[{"count":12,"href":"https:\/\/www.la-academia-tango.net\/cms\/wp-json\/wp\/v2\/pages\/8923\/revisions"}],"predecessor-version":[{"id":8979,"href":"https:\/\/www.la-academia-tango.net\/cms\/wp-json\/wp\/v2\/pages\/8923\/revisions\/8979"}],"wp:attachment":[{"href":"https:\/\/www.la-academia-tango.net\/cms\/wp-json\/wp\/v2\/media?parent=8923"}],"curies":[{"name":"wp","href":"https:\/\/api.w.org\/{rel}","templated":true}]}}