{"id":8487,"date":"2024-06-20T17:44:53","date_gmt":"2024-06-20T16:44:53","guid":{"rendered":"https:\/\/www.la-academia-tango.net\/cms\/?page_id=8487"},"modified":"2025-07-15T17:40:47","modified_gmt":"2025-07-15T16:40:47","slug":"iron-tango-dresden-infos","status":"publish","type":"page","link":"https:\/\/www.la-academia-tango.net\/cms\/iron-tango-dresden-infos\/","title":{"rendered":"iron tango dresden infos teilnehmer"},"content":{"rendered":"<p style=\"text-align: center;\"><span style=\"color: #000000; font-size: 20px;\"><span style=\"caret-color: #000000;\"><strong>Hallo Ihr Lieben,<\/strong><\/span><\/span><\/p>\n<p style=\"text-align: center;\"><span style=\"color: #000000;\"><span style=\"caret-color: #000000;\"><span style=\"font-size: 20px;\">hier sind endlich die Bilderlinks. Tausend Dank an R\u00fcdiger und Kerstin f\u00fcrs Einfangen all dieser besonderen Momente und Erinnerungen. Ihr habt die Stimmung einfach gro\u00dfartig festgehalten!<\/span><br \/>\n<span style=\"color: #ff0000; font-size: 33px;\">&#x2665; &#x2665; &#x2665;<\/span><\/span><\/span><\/p>\n<p style=\"text-align: center;\"><span style=\"font-size: 20px;\">Ich m\u00f6chte euch einladen in die Facebook-Gruppe IRON TANGO. Dort werde ich immer wieder Bilder einstellen und auch das Anmeldedatum f\u00fcr 2026 ver\u00f6ffentlichen.<\/span><br \/>\n<span style=\"font-size: 20px;\"><a href=\"https:\/\/www.facebook.com\/groups\/196304097799732\" target=\"_blank\" rel=\"noopener nofollow\"><strong><span style=\"color: #ff0000;\">\u00bb IRON TANGO in Facebook<\/span><\/strong><\/a><\/span><\/p>\n<p>&nbsp;<\/p>\n<p style=\"text-align: center;\"><span style=\"color: #000000;\"><span style=\"caret-color: #000000;\">In der n\u00e4chsten Mail bekommt ihr die <strong><span style=\"color: #ff0000;\">Vorabanmeldung\u00a0<\/span><\/strong> zum\u00a0 <strong><span style=\"color: #ff0000;\">IRON TANGO\u00a0 2026<\/span><\/strong> .<br \/>\n<strong><span style=\"font-size: 19px; color: #ff0000;\">Das ist dann der 10. IRON TANGO &amp; 20 Jahre La academia.<\/span><\/strong><br \/>\nMal sehen, was sich bis dahin f\u00fcr \u00dcberraschungen auftun.<\/span><\/span><\/p>\n<p style=\"text-align: center;\"><span style=\"color: #000000;\"><span style=\"caret-color: #000000;\">Erst einmal w\u00fcnschen wir euch viel Spa\u00df beim St\u00f6bern in den Erinnerungen.<\/span><\/span><\/p>\n<p>&nbsp;<\/p>\n<p style=\"text-align: center;\"><span style=\"color: #000000;\"><span style=\"caret-color: #000000;\"><em><span style=\"color: #999999;\">The picture links are finally here! Many thanks to R\u00fcdiger and Kerstin for capturing all these special moments and memories. You captured the mood perfectly!<br \/>\n<span style=\"color: #ff0000; font-size: 25px;\">&#x2665; &#x2665; &#x2665;<br \/>\n<\/span><\/span><\/em><\/span><\/span><span style=\"color: #999999;\"><em>I would like to invite you to join the IRON TANGO Facebook group. I will keep posting pictures there, as well as announcing the registration date.<\/em><\/span><br \/>\n<span style=\"color: #999999;\"><em><a href=\"https:\/\/www.facebook.com\/groups\/196304097799732\" target=\"_blank\" rel=\"noopener nofollow\"><strong><span style=\"color: #ff0000;\">\u00bb IRON TANGO in Facebook<\/span><\/strong><\/a><br \/>\n<\/em><\/span><span style=\"color: #999999;\"><em>You will receive the pre-registration information for IRON TANGO 2026 in the next email.<\/em><\/span><br \/>\n<span style=\"color: #999999;\"><em>This will mark the 10^(th) IRON TANGO and the 20^(th) anniversary of La Academia.<\/em><\/span><br \/>\n<span style=\"color: #999999;\"><em>Let&#8217;s see what surprises are in store until then!<br \/>\n<\/em><\/span><span style=\"color: #999999;\"><em>For now, we hope you enjoy browsing through the memories.&#8216;<\/em><\/span><\/p>\n<p>&nbsp;<\/p>\n<p>&nbsp;<\/p>\n<p><a href=\"https:\/\/photos.app.goo.gl\/1UxZGK1yfPzYoBj5A\" target=\"_blank\" rel=\"noopener nofollow\"><img loading=\"lazy\" decoding=\"async\" class=\"aligncenter wp-image-9351\" src=\"https:\/\/www.la-academia-tango.net\/cms\/wp-content\/uploads\/1-Ruediger.jpg\" alt=\"\" width=\"200\" height=\"200\" srcset=\"https:\/\/www.la-academia-tango.net\/cms\/wp-content\/uploads\/1-Ruediger.jpg 350w, https:\/\/www.la-academia-tango.net\/cms\/wp-content\/uploads\/1-Ruediger-300x300.jpg 300w, https:\/\/www.la-academia-tango.net\/cms\/wp-content\/uploads\/1-Ruediger-150x150.jpg 150w\" sizes=\"auto, (max-width: 200px) 100vw, 200px\" \/><\/a><\/p>\n<p><a href=\"https:\/\/photos.app.goo.gl\/iqbZMhAhocAmk3ot9\" target=\"_blank\" rel=\"noopener nofollow\"><img loading=\"lazy\" decoding=\"async\" class=\"aligncenter wp-image-9405\" src=\"https:\/\/www.la-academia-tango.net\/cms\/wp-content\/uploads\/2-Kerstin-1.jpg\" alt=\"\" width=\"200\" height=\"200\" srcset=\"https:\/\/www.la-academia-tango.net\/cms\/wp-content\/uploads\/2-Kerstin-1.jpg 350w, https:\/\/www.la-academia-tango.net\/cms\/wp-content\/uploads\/2-Kerstin-1-300x300.jpg 300w, https:\/\/www.la-academia-tango.net\/cms\/wp-content\/uploads\/2-Kerstin-1-150x150.jpg 150w\" sizes=\"auto, (max-width: 200px) 100vw, 200px\" \/><\/a><\/p>\n<p><a href=\"https:\/\/photos.app.goo.gl\/nmSveBsw3q1th3a36\" rel=\"nofollow noopener\" target=\"_blank\"><img loading=\"lazy\" decoding=\"async\" class=\"aligncenter wp-image-9409\" src=\"https:\/\/www.la-academia-tango.net\/cms\/wp-content\/uploads\/3-Carsta.jpg\" alt=\"\" width=\"200\" height=\"200\" srcset=\"https:\/\/www.la-academia-tango.net\/cms\/wp-content\/uploads\/3-Carsta.jpg 350w, https:\/\/www.la-academia-tango.net\/cms\/wp-content\/uploads\/3-Carsta-300x300.jpg 300w, https:\/\/www.la-academia-tango.net\/cms\/wp-content\/uploads\/3-Carsta-150x150.jpg 150w\" sizes=\"auto, (max-width: 200px) 100vw, 200px\" \/><\/a><\/p>\n<p style=\"text-align: center;\"><span style=\"color: #ffffff;\"><span style=\"caret-color: #000000;\"><br \/>\n<em>.<\/em><\/span><\/span><\/p>\n<p style=\"text-align: center;\"><span style=\"font-size: 14pt;\"><strong><span style=\"color: #ff0000;\"><span style=\"font-size: 24px;\"><a style=\"color: #ff0000;\" href=\"https:\/\/www.la-academia-tango.net\/cms\/iron-tango\/\">\u00bb IRON TANGO Dresden 2026<\/a><\/span><\/span><\/strong><\/span><\/p>\n<p style=\"text-align: center;\"><span style=\"font-size: 14pt;\"><strong><span style=\"color: #ff0000;\">&#x2665;\u00a0 Feiert mit uns den 10. &#x2665; <\/span><\/strong><\/span><\/p>\n<p style=\"text-align: center;\"><span style=\"font-size: 14pt; color: #333333;\">26. <strong><span style=\"font-size: 12pt;\">|<\/span><\/strong> 27.<strong><span style=\"font-size: 12pt;\">|<\/span><\/strong> 28. Juni<br \/>\nPre-Milonga 25. Juni\u00a0<\/span><\/p>\n<p style=\"text-align: center;\"><span style=\"color: #808080;\"><em>26 <strong><span style=\"font-size: 12pt;\">|<\/span><\/strong> 27 <strong><span style=\"font-size: 12pt;\">| <\/span><\/strong><span style=\"font-size: 12pt;\">28<\/span>\u00a0 \u00a0June<br \/>\nPre-Milonga 25 June\u00a0<\/em><\/span><\/p>\n<p>&nbsp;<\/p>\n<p style=\"text-align: center;\"><span style=\"font-size: 14pt; color: #808080;\"><strong>Viele Gr\u00fc\u00dfe, Carsta und Alex\u00a0 <\/strong><\/span>&#x1f60a;<\/p>\n<p>&nbsp;<\/p>\n<p style=\"text-align: center;\"><span style=\"color: #ffffff;\">Vie<\/span><\/p>\n<p>&nbsp;<\/p>\n<p style=\"text-align: center;\"><span style=\"color: #ffffff;\">.<\/span><\/p>\n<p style=\"text-align: center;\"><span style=\"color: #ffffff;\">.<\/span><\/p>\n<p><img loading=\"lazy\" decoding=\"async\" class=\"aligncenter size-full wp-image-8025\" src=\"https:\/\/www.la-academia-tango.net\/cms\/wp-content\/uploads\/Vorderseite-4-CMYK-DIN-lang-Original-Silke-e1731511329615.jpg\" alt=\"\" width=\"1000\" height=\"472\" \/><\/p>\n<p style=\"text-align: left;\"><a href=\"https:\/\/www.facebook.com\/groups\/196304097799732\/\" target=\"_blank\" rel=\"noopener noreferrer nofollow\"><img loading=\"lazy\" decoding=\"async\" class=\"aligncenter wp-image-2328 size-full\" src=\"https:\/\/www.la-academia-tango.net\/cms\/wp-content\/uploads\/fb-.jpg\" alt=\"\" width=\"52\" height=\"52\" \/><\/a><br \/>\n<span style=\"color: #ffffff;\">..<\/span><\/p>\n<p style=\"text-align: left;\"><span style=\"color: #ffffff;\">.<\/span><\/p>\n<p style=\"text-align: left;\"><span style=\"color: #ffffff;\">.<\/span><\/p>\n<p style=\"text-align: left;\"><span style=\"color: #ffffff;\">.<\/span><\/p>\n<p style=\"text-align: left;\"><a href=\"https:\/\/www.la-academia-tango.net\/cms\/iron-tango-dresden-infos\/\"><span style=\"color: #ff0000; font-size: 16px;\">\u00bb Teilnehmer-infos iron tango online<\/span><\/a><\/p>\n","protected":false},"excerpt":{"rendered":"<p>Hallo Ihr Lieben, hier sind endlich die Bilderlinks. Tausend Dank an R\u00fcdiger und Kerstin f\u00fcrs Einfangen all dieser besonderen Momente und Erinnerungen. Ihr habt die Stimmung einfach gro\u00dfartig festgehalten! &#x2665; &#x2665; &#x2665; Ich m\u00f6chte euch[&#8230;]<\/p>\n","protected":false},"author":2,"featured_media":0,"parent":0,"menu_order":0,"comment_status":"closed","ping_status":"closed","template":"","meta":{"footnotes":""},"class_list":["post-8487","page","type-page","status-publish","hentry"],"_links":{"self":[{"href":"https:\/\/www.la-academia-tango.net\/cms\/wp-json\/wp\/v2\/pages\/8487","targetHints":{"allow":["GET"]}}],"collection":[{"href":"https:\/\/www.la-academia-tango.net\/cms\/wp-json\/wp\/v2\/pages"}],"about":[{"href":"https:\/\/www.la-academia-tango.net\/cms\/wp-json\/wp\/v2\/types\/page"}],"author":[{"embeddable":true,"href":"https:\/\/www.la-academia-tango.net\/cms\/wp-json\/wp\/v2\/users\/2"}],"replies":[{"embeddable":true,"href":"https:\/\/www.la-academia-tango.net\/cms\/wp-json\/wp\/v2\/comments?post=8487"}],"version-history":[{"count":21,"href":"https:\/\/www.la-academia-tango.net\/cms\/wp-json\/wp\/v2\/pages\/8487\/revisions"}],"predecessor-version":[{"id":9413,"href":"https:\/\/www.la-academia-tango.net\/cms\/wp-json\/wp\/v2\/pages\/8487\/revisions\/9413"}],"wp:attachment":[{"href":"https:\/\/www.la-academia-tango.net\/cms\/wp-json\/wp\/v2\/media?parent=8487"}],"curies":[{"name":"wp","href":"https:\/\/api.w.org\/{rel}","templated":true}]}}