{"id":8366,"date":"2024-04-17T21:38:21","date_gmt":"2024-04-17T20:38:21","guid":{"rendered":"https:\/\/www.la-academia-tango.net\/cms\/?page_id=8366"},"modified":"2026-04-21T13:25:30","modified_gmt":"2026-04-21T12:25:30","slug":"live-milonga-mit-entre-mundos","status":"publish","type":"page","link":"https:\/\/www.la-academia-tango.net\/cms\/live-milonga-mit-entre-mundos\/","title":{"rendered":"Live Milonga mit Entre Mundos"},"content":{"rendered":"<p style=\"text-align: center;\"><a href=\"https:\/\/www.la-academia-tango.net\/cms\/live-milonga-mit-entre-mundos\/\"><span style=\"font-size: 22px;\"><span style=\"color: #ff0000;\">\u00bb Entre Mundos<\/span><\/span><\/a><\/p>\n<p style=\"text-align: center;\"><span style=\"font-size: 22px;\"><span style=\"color: #ff0000;\">l\u00e4d ein\u00a0 <\/span><\/span><span style=\"color: #ff0000; font-size: 20px;\">zur Milonga<\/span><\/p>\n<p style=\"text-align: center;\"><span style=\"color: #ff0000; font-size: 20px;\">Freitag, 8. Mai 2026<\/span><\/p>\n<p style=\"text-align: center;\"><span style=\"color: #ff0000; font-size: 20px;\">19 Uhr <\/span><\/p>\n<p style=\"text-align: center;\"><span style=\"color: #ff0000; font-size: 20px;\">bei sch\u00f6nem Wetter Open Air<\/span><\/p>\n<p>&nbsp;<\/p>\n<p>Francisco und Alejandro kennen wir schon &#8211; beide Musiker von Sexteto Visceral, die schon bei uns die Milonga drau\u00dfen Open Air die Stimmung aufgeheizt haben\u00a0 &#8211;\u00a0 nun in dieser Besetzung\u00a0 &#8222;Entre Mundos&#8220; zum zweiten Mal bei uns in La academia<\/p>\n<p>Sie interpretieren die Musik in ihrem eigenen Stil &#8211; immer wunderbar tanzbar f\u00fcr die T\u00e4nzerInnen.<\/p>\n<p>Marisol Canessa: Geige<br \/>\nJoaqu\u00edn Ben\u00edtez Kitegroski: Bandoneon<br \/>\nFrancisco Ferrero: Klavier<br \/>\nAlejandro Abbonizio: Kontrabass<\/p>\n<p>St\u00f6bert gern in den Sozialen Medien &#8211; dort k\u00f6nnt ihr sehen wo sie schon \u00fcberall gespielt haben, die Europa-Tour verfolgen und H\u00f6rbeispiele finden:<\/p>\n<p><a href=\"https:\/\/www.instagram.com\/entremundosmusica\" target=\"_blank\" rel=\"noopener nofollow\">\u00bb Entre Mundos in Instagram<\/a><\/p>\n<p><a href=\"https:\/\/www.facebook.com\/entremundosmusica\" target=\"_blank\" rel=\"noopener nofollow\">\u00bb Entre Mundos in Facebook<\/a><\/p>\n<p><a href=\"https:\/\/www.youtube.com\/watch?v=vkYwB_CpSfc\" target=\"_blank\" rel=\"noopener nofollow\">\u00bb Youtube EL ONCE <\/a><\/p>\n<p><a href=\"https:\/\/www.youtube.com\/watch?v=NZcyieYNeu8\" target=\"_blank\" rel=\"noopener nofollow\">\u00bb Youtube CARICAS<\/a><\/p>\n<p><a href=\"https:\/\/www.youtube.com\/playlist?list=OLAK5uy_kqzV8R-Ywbn53TpYctuouA_OAj6gXAQis\" target=\"_blank\" rel=\"noopener nofollow\">\u00bb Youtube Primera Tanda <\/a><\/p>\n<p><a href=\"https:\/\/open.spotify.com\/intl-es\/album\/3DMfP2JGHipPMCDxjtrmNL\" target=\"_blank\" rel=\"noopener nofollow\">\u00bb Spotify Primera Tanda <\/a><\/p>\n<p>Seid dabei. Wenn das Wetter mitspielt, werden wir zur Live-Milonga auf der gro\u00dfen Au\u00dfentanzfl\u00e4che genie\u00dfen k\u00f6nnen.<\/p>\n<p>&nbsp;<\/p>\n<p><span style=\"color: #ffffff;\">.<\/span><\/p>\n<p><img loading=\"lazy\" decoding=\"async\" class=\"aligncenter size-large wp-image-9618\" src=\"https:\/\/www.la-academia-tango.net\/cms\/wp-content\/uploads\/Entre-Mundos-1024x478.jpg\" alt=\"\" width=\"1024\" height=\"478\" srcset=\"https:\/\/www.la-academia-tango.net\/cms\/wp-content\/uploads\/Entre-Mundos-1024x478.jpg 1024w, https:\/\/www.la-academia-tango.net\/cms\/wp-content\/uploads\/Entre-Mundos-300x140.jpg 300w, https:\/\/www.la-academia-tango.net\/cms\/wp-content\/uploads\/Entre-Mundos-768x358.jpg 768w, https:\/\/www.la-academia-tango.net\/cms\/wp-content\/uploads\/Entre-Mundos-1536x717.jpg 1536w, https:\/\/www.la-academia-tango.net\/cms\/wp-content\/uploads\/Entre-Mundos-370x173.jpg 370w, https:\/\/www.la-academia-tango.net\/cms\/wp-content\/uploads\/Entre-Mundos-1040x485.jpg 1040w, https:\/\/www.la-academia-tango.net\/cms\/wp-content\/uploads\/Entre-Mundos.jpg 2000w\" sizes=\"auto, (max-width: 1024px) 100vw, 1024px\" \/><\/p>\n<p>&nbsp;<\/p>\n<p>&nbsp;<\/p>\n<p>&nbsp;<\/p>\n<p>&nbsp;<\/p>\n<pre style=\"text-align: center;\"><a style=\"color: #ff0000;\" href=\"http:\/\/www.la-academia-tango.net\/cms\/newsletter-anmeldung\/\" target=\"_blank\" rel=\"noopener noreferrer\">\u00bb Newsletter abonnieren<\/a><\/pre>\n<address>\u00a0<\/address>\n<p>&nbsp;<\/p>\n<pre style=\"text-align: center;\"><span style=\"color: #ff0000;\"><a style=\"color: #ff0000;\" href=\"https:\/\/www.la-academia-tango.net\/cms\/keinen-newsletter-mehr\/\" target=\"_blank\" rel=\"noopener noreferrer\">\u00bb Newsletter abbestellen - antworte auf die Mail oder klicke hier<\/a>\r\n<\/span><\/pre>\n<p><span style=\"color: #ffffff;\">.<\/span><br \/>\n<span style=\"color: #ffffff;\">..<\/span><\/p>\n<p>&nbsp;<\/p>\n","protected":false},"excerpt":{"rendered":"<p>\u00bb Entre Mundos l\u00e4d ein\u00a0 zur Milonga Freitag, 8. Mai 2026 19 Uhr bei sch\u00f6nem Wetter Open Air &nbsp; Francisco und Alejandro kennen wir schon &#8211; beide Musiker von Sexteto Visceral, die schon bei uns[&#8230;]<\/p>\n","protected":false},"author":2,"featured_media":0,"parent":0,"menu_order":0,"comment_status":"closed","ping_status":"closed","template":"","meta":{"footnotes":""},"class_list":["post-8366","page","type-page","status-publish","hentry"],"_links":{"self":[{"href":"https:\/\/www.la-academia-tango.net\/cms\/wp-json\/wp\/v2\/pages\/8366","targetHints":{"allow":["GET"]}}],"collection":[{"href":"https:\/\/www.la-academia-tango.net\/cms\/wp-json\/wp\/v2\/pages"}],"about":[{"href":"https:\/\/www.la-academia-tango.net\/cms\/wp-json\/wp\/v2\/types\/page"}],"author":[{"embeddable":true,"href":"https:\/\/www.la-academia-tango.net\/cms\/wp-json\/wp\/v2\/users\/2"}],"replies":[{"embeddable":true,"href":"https:\/\/www.la-academia-tango.net\/cms\/wp-json\/wp\/v2\/comments?post=8366"}],"version-history":[{"count":12,"href":"https:\/\/www.la-academia-tango.net\/cms\/wp-json\/wp\/v2\/pages\/8366\/revisions"}],"predecessor-version":[{"id":9887,"href":"https:\/\/www.la-academia-tango.net\/cms\/wp-json\/wp\/v2\/pages\/8366\/revisions\/9887"}],"wp:attachment":[{"href":"https:\/\/www.la-academia-tango.net\/cms\/wp-json\/wp\/v2\/media?parent=8366"}],"curies":[{"name":"wp","href":"https:\/\/api.w.org\/{rel}","templated":true}]}}