{"id":8173,"date":"2023-12-16T18:12:42","date_gmt":"2023-12-16T17:12:42","guid":{"rendered":"https:\/\/www.la-academia-tango.net\/cms\/?page_id=8173"},"modified":"2023-12-16T22:55:05","modified_gmt":"2023-12-16T21:55:05","slug":"iron-tango-vorab","status":"publish","type":"page","link":"https:\/\/www.la-academia-tango.net\/cms\/iron-tango\/iron-tango-vorab\/","title":{"rendered":"iron tango vorab"},"content":{"rendered":"<p><span style=\"font-size: 19px;\">Liebe <span style=\"color: #ff0000;\">IRON Tango<\/span> &#8211; Freunde,<\/span><\/p>\n<p><span style=\"font-size: 17px;\">wir m\u00f6chten euch ein paar Tage vorab die M\u00f6glichkeit geben, euch f\u00fcr\u00a0 <strong><span style=\"color: #ff0000;\"><a style=\"color: #ff0000;\" href=\"https:\/\/www.la-academia-tango.net\/cms\/iron-tango\/\">\u00bb IRON TANGO Dresden 2024 \u00a0<\/a><\/span><\/strong>bereits anzumelden. Diesmal sogar mit Live-Musik zur Pre-Milonga. <\/span><\/p>\n<p><span style=\"font-size: 17px;\">Es wird n\u00e4chstes Jahr wieder am letzten Juni-Wochenende sein &#8211; 28. | 29.| 30. Juni<br \/>\nZur Pre-Milonga am 27. Juni\u00a0 wird\u00a0 &#8222;Duo Asato Pais&#8220; live f\u00fcr uns spielen.<\/span><\/p>\n<p><span style=\"font-size: 14px;\">Vielleicht kennt ihr Ayelen Pais schon vom Orchester Romantica Milonguero &#8211; sie sind jedenfalls zwei gro\u00dfartige Musiker und spielen wunderbar tanzbar. Wir freuen uns, dass es zuf\u00e4llig so perfekt passt. Das ist eine super\u00a0 Gelegenheit f\u00fcr euch, schon Donnerstag anzureisen.<\/span><\/p>\n<p>H\u00f6rbeispiele<\/p>\n<p><a href=\"https:\/\/asatopaisduo.com\/\" target=\"_blank\" rel=\"noopener nofollow\">\u00bb Webseite Duo Asato Pais<\/a><\/p>\n<p><a href=\"https:\/\/www.facebook.com\/asatopaisduo\/videos\/1176601789785217\/\" target=\"_blank\" rel=\"noopener nofollow\">\u00bb Video 1<\/a><\/p>\n<p><a href=\"https:\/\/www.youtube.com\/watch?v=uHMStlAsZzs\" target=\"_blank\" rel=\"noopener nofollow\">\u00bb Video 2<\/a><\/p>\n<p style=\"text-align: left;\"><span style=\"font-size: 16px;\"><strong><span style=\"color: #ff0000;\"><a style=\"color: #ff0000;\" href=\"https:\/\/www.la-academia-tango.net\/cms\/iron-tango\/\">\u00bb Alle Infos IRON TANGO Dresden 2024<\/a><br \/>\n<\/span><\/strong><\/span><\/p>\n<p><span style=\"font-size: 16px;\"><a href=\"https:\/\/www.la-academia-tango.net\/cms\/iron-tango-registration\/\"><strong><span style=\"color: #ff0000;\">\u00bb Registration<\/span><\/strong><\/a><\/span><\/p>\n<h3 style=\"text-align: center;\"><span style=\"color: #ffffff; font-size: 12px;\">|||<\/span><\/h3>\n<h3 style=\"text-align: center;\"><span style=\"color: #ff0000; font-size: 12px;\">ooooooooo<\/span><\/h3>\n<h3 style=\"text-align: center;\"><span style=\"color: #ffffff; font-size: 12px;\">|||<\/span><\/h3>\n<p><span style=\"font-size: 17px;\">Die Anmeldung f\u00fcr <span style=\"color: #ff0000; font-size: 19px;\"><a style=\"color: #ff0000;\" href=\"https:\/\/www.la-academia-tango.net\/cms\/iron-tango-crete\/iron-tango-crete-info\/\">\u00bb IRON TANGO CRETE\u00a0 \u00a030. August &#8211; 7.September 2024 <\/a>\u00a0<\/span> l\u00e4uft bereits.\u00a0 Am \u00dcberraschungstag werden wir dort auf unseren Geburtstag ansto\u00dfen. Wir freuen uns, mit vielen von euch feiern zu k\u00f6nnen.\u00a0<\/span><\/p>\n<p>Wir k\u00f6nnen euch schon verraten, das DJ Nico Loco auch dabei sein wird.<\/p>\n<p><span style=\"color: #ff0000; font-size: 16px;\"><a style=\"color: #ff0000;\" href=\"https:\/\/www.la-academia-tango.net\/cms\/iron-tango-crete\/iron-tango-crete-info\/\">\u00bb IRON TANGO CRETE &#8211; Infos <\/a><\/span><\/p>\n<p style=\"text-align: left;\"><strong><span style=\"color: #ff0000; font-size: 17px;\"><a style=\"color: #ff0000;\" href=\"https:\/\/www.la-academia-tango.net\/cms\/iron-tango-crete-registration\/\" target=\"_blank\" rel=\"noopener\">\u00bb Registration<\/a><\/span><\/strong><\/p>\n<h3 style=\"text-align: center;\"><span style=\"color: #ffffff; font-size: 12px;\">|||<\/span><\/h3>\n<h3 style=\"text-align: center;\"><span style=\"color: #ff0000; font-size: 12px;\">ooooooooo<\/span><\/h3>\n<h3 style=\"text-align: center;\"><span style=\"color: #ffffff; font-size: 12px;\">|||<\/span><\/h3>\n<p style=\"text-align: left;\"><span style=\"font-size: 16px;\">Wer schon fr\u00fcher Lust darauf hat, hier ein ganzes Wochenende zu tanzen, hat im Februar die Gelegenheit zu <strong><span style=\"color: #ff0000;\"><span style=\"color: #333333;\"><span style=\"font-size: 20px;\"><span style=\"color: #ff0000;\">\u00bf<\/span>Tango<span style=\"color: #ff0000;\">? \u00a1<\/span>Tango<\/span><span style=\"color: #ff0000;\"><span style=\"font-size: 20px;\">!\u00a0<\/span> &#8211;\u00a0 <\/span><\/span><\/span><\/strong><span style=\"color: #ff0000;\"><span style=\"color: #333333;\"><span style=\"color: #ff0000;\"><span style=\"color: #333333;\">16.\/17. \/ 18.2.2024.\u00a0<\/span><\/span><\/span><\/span><\/span><\/p>\n<p>Live-Musik am Samstag Abend &#8211; super\u00a0 DJs die anderen Tage &#8211; unkomplizierte Anmeldung.<\/p>\n<p style=\"text-align: left;\"><a href=\"https:\/\/www.la-academia-tango.net\/cms\/tango-tango\/\"><span style=\"font-size: 17px;\"><strong><span style=\"color: #ff0000;\">\u00bb Infos zu <\/span><\/strong><strong><span style=\"font-size: 16px;\"><span style=\"color: #333333;\"><span style=\"color: #ff0000;\">\u00bf<\/span>Tango<span style=\"color: #ff0000;\">? \u00a1<\/span>Tango<span style=\"color: #ff0000;\">!<\/span><\/span><\/span>\u00a0<span style=\"color: #000000;\">und Live-Musik mit <\/span><span style=\"color: #ff0000;\">Cuarteto Mulenga<\/span> <span style=\"color: #333333;\">am 17.2.24 <\/span><\/strong><\/span><\/a><\/p>\n<p style=\"text-align: center;\"><span style=\"color: #ffffff;\">.<\/span><\/p>\n<p>&nbsp;<\/p>\n<h3 style=\"text-align: center;\"><span style=\"color: #ffffff; font-size: 12px;\">|||<\/span><\/h3>\n<h3 style=\"text-align: center;\"><span style=\"color: #ffffff; font-size: 12px;\">|||<\/span><\/h3>\n<p><a href=\"https:\/\/www.la-academia-tango.net\/cms\/duo-asato-pais\/\"><img loading=\"lazy\" decoding=\"async\" class=\"prozent aligncenter wp-image-8162 size-large\" src=\"https:\/\/www.la-academia-tango.net\/cms\/wp-content\/uploads\/Asato-Pais-2024-1024x478.jpg\" alt=\"\" width=\"1024\" height=\"478\" \/><\/a><\/p>\n<h3 style=\"text-align: center;\"><span style=\"color: #ffffff; font-size: 12px;\">|||<img loading=\"lazy\" decoding=\"async\" class=\"aligncenter size-large wp-image-8025\" src=\"https:\/\/www.la-academia-tango.net\/cms\/wp-content\/uploads\/Vorderseite-4-CMYK-DIN-lang-Original-Silke-1024x483.jpg\" alt=\"\" width=\"1024\" height=\"483\" \/><\/span><\/h3>\n<h3 style=\"text-align: center;\"><span style=\"color: #ffffff; font-size: 12px;\">|||<\/span><\/h3>\n<p><a href=\"https:\/\/www.la-academia-tango.net\/cms\/iron-tango-crete\/\"><img loading=\"lazy\" decoding=\"async\" class=\"prozent aligncenter wp-image-7733 size-large\" src=\"https:\/\/www.la-academia-tango.net\/cms\/wp-content\/uploads\/iron-tango-crete-1-vorder-flyer-1024x483.jpg\" alt=\"\" width=\"1024\" height=\"483\" \/><\/a><\/p>\n<p style=\"text-align: center;\"><span style=\"color: #ffffff;\">.<\/span><\/p>\n<p><a href=\"https:\/\/www.la-academia-tango.net\/cms\/iron-tango\/iron-tango-vorab\/\"><span style=\"color: #808080; font-size: 8px;\">\u00bb\u00a0 xxx<\/span><\/a><\/p>\n<p>&nbsp;<\/p>\n<p>&nbsp;<\/p>\n<p>\u00bb<\/p>\n<p>&nbsp;<\/p>\n","protected":false},"excerpt":{"rendered":"<p>Liebe IRON Tango &#8211; Freunde, wir m\u00f6chten euch ein paar Tage vorab die M\u00f6glichkeit geben, euch f\u00fcr\u00a0 \u00bb IRON TANGO Dresden 2024 \u00a0bereits anzumelden. Diesmal sogar mit Live-Musik zur Pre-Milonga. Es wird n\u00e4chstes Jahr wieder[&#8230;]<\/p>\n","protected":false},"author":2,"featured_media":0,"parent":2120,"menu_order":60,"comment_status":"closed","ping_status":"closed","template":"","meta":{"footnotes":""},"class_list":["post-8173","page","type-page","status-publish","hentry"],"_links":{"self":[{"href":"https:\/\/www.la-academia-tango.net\/cms\/wp-json\/wp\/v2\/pages\/8173","targetHints":{"allow":["GET"]}}],"collection":[{"href":"https:\/\/www.la-academia-tango.net\/cms\/wp-json\/wp\/v2\/pages"}],"about":[{"href":"https:\/\/www.la-academia-tango.net\/cms\/wp-json\/wp\/v2\/types\/page"}],"author":[{"embeddable":true,"href":"https:\/\/www.la-academia-tango.net\/cms\/wp-json\/wp\/v2\/users\/2"}],"replies":[{"embeddable":true,"href":"https:\/\/www.la-academia-tango.net\/cms\/wp-json\/wp\/v2\/comments?post=8173"}],"version-history":[{"count":19,"href":"https:\/\/www.la-academia-tango.net\/cms\/wp-json\/wp\/v2\/pages\/8173\/revisions"}],"predecessor-version":[{"id":8194,"href":"https:\/\/www.la-academia-tango.net\/cms\/wp-json\/wp\/v2\/pages\/8173\/revisions\/8194"}],"up":[{"embeddable":true,"href":"https:\/\/www.la-academia-tango.net\/cms\/wp-json\/wp\/v2\/pages\/2120"}],"wp:attachment":[{"href":"https:\/\/www.la-academia-tango.net\/cms\/wp-json\/wp\/v2\/media?parent=8173"}],"curies":[{"name":"wp","href":"https:\/\/api.w.org\/{rel}","templated":true}]}}