{"id":7836,"date":"2023-08-21T17:05:20","date_gmt":"2023-08-21T16:05:20","guid":{"rendered":"https:\/\/www.la-academia-tango.net\/cms\/?page_id=7836"},"modified":"2026-03-06T15:24:40","modified_gmt":"2026-03-06T14:24:40","slug":"iron-tango-crete-info","status":"publish","type":"page","link":"https:\/\/www.la-academia-tango.net\/cms\/iron-tango-crete\/iron-tango-crete-info\/","title":{"rendered":"iron tango crete &#8211; info"},"content":{"rendered":"<p><strong><a href=\"https:\/\/www.la-academia-tango.net\/cms\/iron-tango-crete\/\"><span style=\"color: #ff0000; font-size: 20px;\">IRON TANGO CRETE<\/span><\/a><\/strong><\/p>\n<p><span style=\"color: #ff0000; font-size: 20px;\">05. bis 12. September 2026<\/span><\/p>\n<p>&nbsp;<\/p>\n<pre style=\"text-align: center;\"><span style=\"font-size: 28px;\"><a href=\"https:\/\/www.la-academia-tango.net\/cms\/iron-tango-crete\/iron-tango-crete-registration\/\"><strong><span style=\"color: #ff0000;\">\u00bb Anmeldung \/ Registration\u00a0<\/span><\/strong><\/a><\/span><\/pre>\n<p>&nbsp;<\/p>\n<p style=\"text-align: center;\"><span style=\"color: #ffffff;\">.<\/span><\/p>\n<p><span style=\"font-size: 22px;\">W<\/span>ir freuen uns auf ein zweites Mal an diesem besonderen Ort mit euch zu tanzen &#8211; ein magischer Ort mit Tanzterrasse mit Seeblick, herrlichstem Strand, t\u00fcrkisblauem Meer und leckerstem Essen in gem\u00fctlichen Tavernen\u00a0 in einer kleinen idyllischen \u00fcberschaubaren\u00a0 Bucht ohne Hotelanlagen im S\u00fcden der Insel Kreta.<\/p>\n<p>Die Betonung liegt in dieser Zeit auf Tanzen. Tags\u00fcber gibt es Praktikas und \u00dcbungszeit. Wer mag kann Inspirationen von Carsta zum \u00dcben bekommen. Abends tanzen wir zur Milonga.<br \/>\nDer Strand l\u00e4dt zum Verweilen und Faulenzen mit seinen sonnigen und vielen schattigen Pl\u00e4tzchen ein &#8211;\u00a0 Urlaub und Faulenzen soll schlie\u00dflich nicht zu kurz kommen.<\/p>\n<p>Hast du Lust, dabei zu sein? Dann melde dich an \ud83d\ude42<\/p>\n<p>&nbsp;<\/p>\n<p><span style=\"font-size: 12px; color: #808080;\">Wenn du dich \u00fcber den Namen wunderst und IRON-Tango noch nicht kennst? Wir haben 2016 in Dresden mit unserem ersten IRON TANGO\u00a0 in Dresden begonnen. Da die Metallwerkstatt von Alex in der Scheune auch f\u00fcr das Event genutzt wird, entstand der Name IRON Tango f\u00fcr unser Event. IRON Tango Crete ist eure Auszeit mit viel Zeit f\u00fcr gemeinsames Erleben, den Sommer verl\u00e4ngern mit Strand und Meer vor der T\u00fcr und nat\u00fcrlich TANGO<\/span><br \/>\n<span style=\"color: #ffffff;\">.<\/span><\/p>\n<p><span style=\"color: #ffffff;\">.<\/span><\/p>\n<p><span style=\"color: #ffffff;\">.<\/span><\/p>\n<p><span style=\"color: #ffffff;\">.<\/span><\/p>\n<p>Im <strong><span style=\"color: #ff0000;\">Voukelari<\/span><\/strong> bei Athanasia und Stelios finden die <strong><span style=\"color: #ff0000;\">Milongas am Abend und Praktikas tags\u00fcber<\/span><\/strong> statt.<\/p>\n<p>Ihr \u00fcbernachtet im Voukelari &#8211; alle Zimmer mit Terrasse und\u00a0 Meerblick von der Terrasse aus.<\/p>\n<p>In dieser Woche wird es verbindlich auch <strong><span style=\"color: #ff0000;\">das gemeinsame Fr\u00fchst\u00fcck und 2 gemeinsame Abendessen <\/span>\u00a0<\/strong>im Voukelari geben.<\/p>\n<p>Zum Fr\u00fchst\u00fcck im Voukelai erwartet euch ein sehr reichhaltiges und vor allem leckeres Angebot mit diversen Pancakes, verschiedenen griechischen K\u00e4sesorten, Oliven, Brot, Eierspeisen, griechischem Joghurt, den wunderbaren griechischen Tomaten, mindestens 2 oder 3 Sorten selbstgemachter Marmelade, frisch gepresster Orangensaft, Melone und anderes Obst, und und und<\/p>\n<p>Nach dem Fr\u00fchst\u00fcck starten wir mit der Praktika. Nachmittags ist Zeit f\u00fcr den Strand und Ausfl\u00fcge<\/p>\n<p>Zum Dinner k\u00f6nnt ihr euch auf mindestens 3-4 griechische warme oder \/und kalte Vorspeisen freuen, mindestens 2-3 Hauptspeisen und eine Nachspeise. Inclusiv ist auch der griechische Hauswein und Wasser.<\/p>\n<p><span style=\"color: #ffffff;\">.<\/span><\/p>\n<p>Wenn ihr den Wunsch habt, fr\u00fcher anzureisen oder sp\u00e4ter abzureisen, schreibt das in eure Anmeldung im Formular mit hinein. Wir fragen dann konkret an. Es wird vorher eine Gruppe da sein und im Anschluss beginnt die La Milonga-Urlaubswoche. Es werden also nur vereinzelt R\u00e4ume frei sein &#8211; wenn \u00fcberhaupt.<\/p>\n<p><span style=\"color: #ffffff;\">.<\/span><\/p>\n<p>&nbsp;<\/p>\n<p><a href=\"https:\/\/www.la-academia-tango.net\/cms\/iron-tango-crete-info\/\"><img loading=\"lazy\" decoding=\"async\" class=\"prozent wp-image-7840 aligncenter\" src=\"https:\/\/www.la-academia-tango.net\/cms\/wp-content\/uploads\/Kretakarte-1024x371.jpg\" alt=\"\" width=\"350\" height=\"127\" \/><\/a><\/p>\n<p>&nbsp;<\/p>\n<p>&nbsp;<\/p>\n<p><strong>Ein paar\u00a0 Gr\u00fcnde, die euch bei der Entscheidung, mitzukommen, helfen werden:<\/strong><\/p>\n<ul>\n<li>Tanzen im ausgewogenen Verh\u00e4ltnis von F\u00fchrenden und Folgenden<\/li>\n<li>oder als Doppelrollent\u00e4nzer oder Doppelrollent\u00e4nzerin<\/li>\n<li>Musikauswahl wird\u00a0 meist klassisch sein und der einen oder anderen tanzbaren Cortina<\/li>\n<li>Alex wird die Musik f\u00fcr euch zum Tanzen w\u00e4hlen und m\u00f6glicherweise noch ein weiterer DJ oder DJn<\/li>\n<li>Einige griechische T\u00e4nzerInnen werden dazukommen d\u00fcrfen<\/li>\n<li>Ansonsten bleiben wir eine geschlossene Gruppe<\/li>\n<li>Tanzen auf\u00a0 Stein-Terrasse mit direktem magischen Blick auf\u00b4s Meer<\/li>\n<li>Tanzen auf der Tanzterrasse im Olivenhain<\/li>\n<li>Supernette Gastgeber vor Ort<\/li>\n<li>Praktika gleich nach dem Fr\u00fchst\u00fcck \/ Zeit zum Tanzen und zum \u00dcben oder gegenseitig zu lernen<\/li>\n<li>Tanzinspirationen von Carsta in der Praktika<\/li>\n<li>Milonga am Abend\u00a0 &#8211;\u00a0 bis 24 Uhr<\/li>\n<li>Getr\u00e4nke k\u00f6nnt ihr an der Bar anschlie\u00dfend noch eine halbe Stunde lang im Anschluss ordern zum Sitzen und Quatschen.<\/li>\n<li>eine Strandparty am Mittwoch\u00a0 (Pausentag im Voukelari)<\/li>\n<li>Tags\u00fcber au\u00dferhalb der Praktika und Milonga-Zeiten kann die Tanzfl\u00e4che auch zum \u00dcben und Tanzen genutzt werden.<\/li>\n<\/ul>\n<p>&nbsp;<\/p>\n<p><strong>Kosten f\u00fcr 2026\u00a0<\/strong><\/p>\n<ul>\n<li>Doppelzimmer f\u00fcr 2 Personen im Voukelari\u00a0 <span style=\"font-size: 14px;\">(7 N\u00e4chte)<\/span>:\u00a0 808\u20ac\u00a0 incl. Fr\u00fchst\u00fcck und die beiden gemeinsamen Abendessen <span style=\"font-size: 14px; color: #808080;\">(ohne griech.Tax &#8211; hier kommt auf die Rechnung der Griechischen Gastgeber f\u00fcr \u00dcbernachtung 13% und f\u00fcr Essen 24% dazu, sowie 7\u20ac Touristensteuer pro Person pro Tag = 967\u20ac pro Zimmer)<\/span><br \/>\n<span style=\"font-size: 12px;\">(Zus\u00e4tzliche Buchung au\u00dferhalb der Tanzwoche pro Tag DZ incl Fr\u00fchst\u00fcck &#8211; 90\u20ac)<span style=\"color: #ff0000;\">\u00a0<\/span><\/span><\/li>\n<li>Einzelzimmer f\u00fcr eine Person im Voukelari <span style=\"font-size: 14px;\">(7 N\u00e4chte)<\/span>: 579\u20ac\u00a0 &#8211; incl Fr\u00fchst\u00fcck und die beiden gemeinsamen Abendessen <span style=\"font-size: 14px; color: #808080;\">(ohne griech.Tax &#8211; hier kommt auf die Rechnung der Griechischen Gastgeber f\u00fcr \u00dcbernachtung 13% und f\u00fcr Essen 24% dazu, sowie 7\u20ac Touristensteuer pro Person pro Tag = 681\u20ac)<\/span><br \/>\n<span style=\"font-size: 13px;\">(Zus\u00e4tzliche Buchung au\u00dferhalb der Tanzwoche EZ pro Tag incl Fr\u00fchst\u00fcck &#8211; 70\u20ac)\u00a0<\/span><\/li>\n<li>Einzelzimmer f\u00fcr eine Person im Voukelari -Zimmer an der Tanzfl\u00e4che OH <span style=\"font-size: 14px;\">(7 N\u00e4chte)<\/span>: 544\u20ac\u00a0 &#8211; incl Fr\u00fchst\u00fcck und die beiden gemeinsamen Abendessen <span style=\"font-size: 14px; color: #808080;\">(ohne griech.Tax &#8211; hier kommt auf die Rechnung der Griechischen Gastgeber f\u00fcr \u00dcbernachtung 13% und f\u00fcr Essen 24% dazu, sowie 7\u20ac Touristensteuer pro Person pro Tag = 641\u20ac )<\/span><br \/>\n<span style=\"font-size: 13px;\">(Zus\u00e4tzliche Buchung au\u00dferhalb der Tanzwoche EZ pro Tag incl Fr\u00fchst\u00fcck &#8211; 70\u20ac)\u00a0<\/span><\/li>\n<li>Zubuchung Fr\u00fchst\u00fcck in der Tanzwoche pro Person auch f\u00fcr alle, die au\u00dferhalb \u00fcbernachten: 15,00\u20ac pro Tag = f\u00fcr 7 Tage 105\u20ac <span style=\"font-size: 14px; color: #808080;\">(ohne griech.Tax &#8211; hier kommt auf die Rechnung der Griechischen Gastgeber f\u00fcr Essen 24% dazu)<\/span><\/li>\n<li>ohne Zubuchung\u00a0 Fr\u00fchst\u00fcck f\u00fcr Au\u00dferhalb-\u00dcbernachter kommen 10\u20ac pro Tag hinzu.<\/li>\n<li>Zubuchung &#8211; gemeinsame Abendessen f\u00fcr alle, die au\u00dferhalb \u00fcbernachten verbindlich pro Person pro Essen 27\u20ac &#8211; also beide Abendessen 54\u20ac <span style=\"font-size: 14px; color: #808080;\">(ohne griech.Tax &#8211; hier kommt auf die Rechnung der Griechischen Gastgeber f\u00fcr Essen 24% dazu)<\/span><\/li>\n<li>Teilnahmegeb\u00fchr f\u00fcr\u00b4s Tanzen in dieser Zeit &#8211; 298\u20ac pro Person inclusiv der Inspirationen von Carsta, Praktikas\u00a0 und Abendmilongas &#8211; also der gleiche Preis wie letztes Jahr<\/li>\n<li>Kosten f\u00fcr m\u00f6gliche Ausfl\u00fcge kommen hinzu, sofern du teilnehmen m\u00f6chtest<\/li>\n<li>eigenverantwortlich bucht ihr eure Fl\u00fcge, ggfls ein Mietauto.<\/li>\n<li>mit den <a href=\"https:\/\/www.la-academia-tango.net\/cms\/wp-content\/uploads\/IRON-TANGO-CRETE-Teilnahmebedingungen.pdf\" target=\"_blank\" rel=\"noopener\">\u00bb <\/a><a href=\"https:\/\/www.la-academia-tango.net\/cms\/iron-tango-crete\/iron-tango-crete-terms\/\" target=\"_blank\" rel=\"noopener\">Teilnahmebedingungen <\/a>erkl\u00e4rt ihr euch im Anmeldeformular einverstanden<\/li>\n<li>Die Kosten f\u00fcr \u00dcbernachtung und gemeinsame Essen werden vor Ort in bar bei eurer Ankunft bezahlt &#8211; f\u00fcr die Teilnahmekosten erh\u00e4lst du die Zahlungsmodalit\u00e4ten bei deiner Anmeldung<\/li>\n<li>Wir empfehlen euch, eine Reiseversicherung abzuschlie\u00dfen, die bei einer Absage durch euch die Stornierungskosten \u00fcbernimmt.<\/li>\n<\/ul>\n<p>&nbsp;<\/p>\n<p style=\"text-align: left;\">Au\u00dferhalb der gemeinsamen Abendessen oder Fr\u00fchst\u00fcck gibt es in der Bucht direkt am Meer zus\u00e4tzlich neben Voukelari noch\u00a0 wundersch\u00f6ne Tavernen\u00a0 &#8211; das sind <a href=\"https:\/\/www.google.com\/maps\/place\/Taverna+Delfini\/@35.1919674,24.3611088,17z\/data=!4m14!1m7!3m6!1s0x149b6f160f103dc3:0x61987480dc1f2e23!2sTaverna+Delfini!8m2!3d35.1922111!4d24.3642768!16s%2Fg%2F12hxk5f9w!3m5!1s0x149b6f160f103dc3:0x61987480dc1f2e23!8m2!3d35.1922111!4d24.3642768!16s%2Fg%2F12hxk5f9w?authuser=0&amp;entry=ttu\" target=\"_blank\" rel=\"noopener nofollow\">\u00bbTaverna Delfini<\/a> und <a href=\"https:\/\/www.google.com\/maps\/place\/Galini+Tavern\/@35.1919674,24.3611088,17z\/data=!3m1!4b1!4m6!3m5!1s0x149b6f15fc5ea811:0xce335bcdad711f00!8m2!3d35.1919674!4d24.3636837!16s%2Fg%2F11bv5rqf94?authuser=0&amp;entry=ttu\" target=\"_blank\" rel=\"noopener nofollow\">\u00bb Taverna Galini\u00a0<\/a> und 15 Minuten bergauf die <a href=\"https:\/\/www.google.com\/maps\/place\/Foinikias+Kantina\/@35.1919674,24.3611088,17z\/data=!4m14!1m7!3m6!1s0x149b6f160f103dc3:0x61987480dc1f2e23!2sTaverna+Delfini!8m2!3d35.1922111!4d24.3642768!16s%2Fg%2F12hxk5f9w!3m5!1s0x149b6f045495798d:0xdbd55f128100c5fe!8m2!3d35.1909247!4d24.3619446!16s%2Fg%2F11jm_6mgsj?authuser=0&amp;entry=ttu\" target=\"_blank\" rel=\"noopener nofollow\">\u00bb Foinikias Kantina<\/a> . Mit dem Auto nach Sellia oder Myrthios oder die Tavernen in der Damnoni Bucht oder oder oder &#8230;\u00fcberall lauern kulinarische \u00dcberraschungen. Die Di\u00e4t also bitte vorher oder nachher. Die Preise sind erschwinglich, auch wenn sie seit Covid etwas intensiver geworden sind.<br \/>\nDer n\u00e4chste Supermarkt ist in Plakias oder Sellia &#8211; auch dort findet ihr immer regionale Produkte und heimisches Obst und Gem\u00fcse.<\/p>\n<p style=\"text-align: center;\"><iframe loading=\"lazy\" style=\"border: 0;\" src=\"https:\/\/www.google.com\/maps\/embed?pb=!1m18!1m12!1m3!1d3260.5855558660724!2d24.366415176993904!3d35.19188087274927!2m3!1f0!2f0!3f0!3m2!1i1024!2i768!4f13.1!3m3!1m2!1s0x149b6f17928e193d%3A0xe4c93ee792137e86!2sVoukelari%20Rooms!5e0!3m2!1sde!2sde!4v1692715181956!5m2!1sde!2sde\" width=\"600\" height=\"450\" allowfullscreen=\"allowfullscreen\"><\/iframe><\/p>\n<p><span style=\"color: #ffffff;\">.<\/span><\/p>\n<p><span style=\"color: #ffffff;\">.<\/span><\/p>\n<p style=\"text-align: left;\"><strong><span style=\"color: #ff0000;\">Wegbeschreibung<\/span><\/strong><\/p>\n<p style=\"text-align: left;\">Mit dem Auto vom Flughafen zum Voukelari &#8211; einfach auf\u00b4s Bild klicken, dann gelangt ihr zur Route.<br \/>\nAuch mit dem Bus k\u00f6nnt ihr bis Plakias fahren. Dann muss man in Rhethymnon umsteigen. Vielleicht kann ich diese Fahrtroute noch erg\u00e4nzen.<br \/>\nEin Taxi kostet ca 140\u20ac pro Fahrt. Das ist schon eine halbe Automiete.<\/p>\n<p><a href=\"https:\/\/www.google.com\/maps\/dir\/Heraklion+Airport+N.+Kazantzakis,+Iraklion,+Griechenland\/Voukelari+Rooms,+Souda+740+60,+Griechenland\/@35.2319958,24.6070078,11z\/data=!3m1!4b1!4m14!4m13!1m5!1m1!1s0x149a5bfbffffffff:0x2b99fcda10e0aed2!2m2!1d25.1747483!2d35.3395798!1m5!1m1!1s0x149b6f17928e193d:0xe4c93ee792137e86!2m2!1d24.3689901!2d35.1918809!3e0?authuser=0&amp;entry=ttu\" target=\"_blank\" rel=\"noopener nofollow\"><img loading=\"lazy\" decoding=\"async\" class=\"prozent aligncenter wp-image-7865\" src=\"https:\/\/www.la-academia-tango.net\/cms\/wp-content\/uploads\/Route-Flughafen-Souda-527x1024.jpeg\" alt=\"\" width=\"194\" height=\"377\" \/><\/a><\/p>\n<p>&nbsp;<\/p>\n<p><span style=\"font-size: 16px; color: #ff0000;\"><strong>Busverbindung Flughafen nach Plakias<br \/>\n<\/strong><\/span>Vom Flughafen f\u00e4hrt ein Bus bis Rethymnon, dort steigt ihr in den Bus nach Plakias. Von Plakias entweder mit dem Taxi oder es findet sich eine Abholgelegenheit f\u00fcr die letzten 2 km. In 2024 waren es mit dem Bus 19 \u20ac. Also wenig l\u00e4nger als mit dem Auto und recht preiswert.<\/p>\n<p><strong>-&gt;<\/strong> Flughafenbus Richtung <strong>Heraklion City \/ KTEL Busstation<\/strong> (ca 20Minuten Fahrzeit &#8211; Frequenz alle 20 Minuten)<strong><br \/>\n-&gt;<\/strong> \u00dcberlandbus von Heraklion &#8211; Strecke: <strong>Heraklion \u2013 Rethymnon <\/strong>( ca 1h 15 min Fahrzeit &#8211; Frequenz ca st\u00fcndlich &#8211; Betreiber KTEL)<br \/>\n<strong>-&gt;<\/strong> Umsteigen in Bus &#8211; Strecke: <strong>Rethymnon \u2013 Plakias <\/strong>(Fahrzeit: ca 1 h 20 min Fahrzeit &#8211; Frequenz ca 3 Busse pro Tag morgens, mittags, sp\u00e4ter Nachmittag)<br \/>\nEs gibt wohl keine Busnummern, man f\u00e4hrt nach Zielort<\/p>\n<div class=\"nl2go_class_30_white_b\"><span style=\"font-size: 16px; color: #ff0000;\"><strong>Transfer dem Taxi<\/strong><\/span><\/div>\n<div class=\"nl2go_class_30_white_b\"><span style=\"font-size: 16px;\"><strong>Kiriakos Kreta Taxi<\/strong><\/span><\/div>\n<div class=\"nl2go_class_30_white_b\"><span style=\"font-size: 16px;\">&#x1f4de; +30 694 5180469<\/span><\/div>\n<div class=\"nl2go_class_30_white_b\"><span style=\"font-size: 16px;\">&#x1f4e7; info@plakias-transfers.com\u00a0<\/span><\/div>\n<div><span style=\"color: #ffffff;\">.<\/span><\/div>\n<p><span style=\"font-size: 16px;\"><strong>Victor, <\/strong>der am Strand bei Stelios mitarbeitet, f\u00e4hrt auch gern zum Flughafen. Das ist dann etwas g\u00fcnstiger als das Taxi &#8211; ich glaube zwischen 100 und 110\u20ac<strong><br \/>\n<\/strong>&#x1f4de; +306996750065<\/span><\/p>\n<p>&nbsp;<\/p>\n<p>&nbsp;<\/p>\n<p>&nbsp;<\/p>\n<pre style=\"text-align: center;\"><span style=\"font-size: 28px;\"><a href=\"https:\/\/www.la-academia-tango.net\/cms\/iron-tango-crete\/iron-tango-crete-registration\/\"><strong><span style=\"color: #ff0000;\">\u00bb Anmeldung \/ Registration\u00a0<\/span><\/strong><\/a><\/span><\/pre>\n<p>&nbsp;<\/p>\n<p style=\"text-align: center;\"><span style=\"color: #ffffff;\">.\u00a0<\/span><\/p>\n<p style=\"text-align: center;\"><span style=\"color: #ffffff;\">.<\/span><\/p>\n<p>&nbsp;<\/p>\n<p><a href=\"https:\/\/www.la-academia-tango.net\/cms\/wp-content\/uploads\/iron-tango-crete-1-vorder-flyer.jpg\"><img loading=\"lazy\" decoding=\"async\" class=\"prozent aligncenter wp-image-7733 size-large\" src=\"https:\/\/www.la-academia-tango.net\/cms\/wp-content\/uploads\/iron-tango-crete-1-vorder-flyer-1024x483.jpg\" alt=\"\" width=\"1024\" height=\"483\" \/><\/a><\/p>\n<p style=\"text-align: center;\"><span style=\"color: #ffffff;\">.<\/span><\/p>\n<p><span style=\"color: #808080; font-size: 8px;\"><a style=\"color: #808080;\" href=\"https:\/\/www.la-academia-tango.net\/cms\/iron-tango-crete-info\/\">\u00bb\u00a0 IRON TANGO CRETE infos<\/a><\/span><\/p>\n<p style=\"text-align: center;\"><span style=\"color: #ffffff;\">.<\/span><\/p>\n<p style=\"text-align: center;\"><span style=\"color: #ffffff;\">.<\/span><\/p>\n<p style=\"text-align: center;\"><span style=\"color: #ffffff;\">.<\/span><\/p>\n<p>&nbsp;<\/p>\n<p>&nbsp;<\/p>\n<p style=\"text-align: center;\"><span style=\"color: #ffffff;\">.<\/span><\/p>\n<p style=\"text-align: center;\"><span style=\"color: #ffffff;\">.<\/span><\/p>\n<p style=\"text-align: center;\"><span style=\"color: #ffffff;\">.<\/span><\/p>\n<p style=\"text-align: center;\"><img loading=\"lazy\" decoding=\"async\" class=\"wp-image-4275 aligncenter\" src=\"https:\/\/www.la-academia-tango.net\/cms\/wp-content\/uploads\/Werbung-Schnirkel-klein2.png\" alt=\"\" width=\"226\" height=\"34\" srcset=\"https:\/\/www.la-academia-tango.net\/cms\/wp-content\/uploads\/Werbung-Schnirkel-klein2.png 962w, https:\/\/www.la-academia-tango.net\/cms\/wp-content\/uploads\/Werbung-Schnirkel-klein2-300x45.png 300w, https:\/\/www.la-academia-tango.net\/cms\/wp-content\/uploads\/Werbung-Schnirkel-klein2-768x116.png 768w\" sizes=\"auto, (max-width: 226px) 100vw, 226px\" \/><\/p>\n<p style=\"text-align: center;\"><span style=\"color: #ffffff;\">.<\/span><\/p>\n<div class=\"line-red\" style=\"text-align: center;\"><\/div>\n<pre><span style=\"color: #ff0000;\"><a style=\"color: #ff0000;\" href=\"http:\/\/www.la-academia-tango.net\/cms\/newsletter-anmeldung\/\">\u00bb Wer vorzeitig per Mail \u00fcber Termine informiert werden m\u00f6chte, klickt bitte \u00a0hier<\/a><\/span><\/pre>\n<address>\u00a0<\/address>\n<pre><span style=\"color: #ff0000;\"><a style=\"color: #ff0000;\" href=\"https:\/\/www.la-academia-tango.net\/cms\/keinen-newsletter-mehr\/\">\u00bb Hier kannst du den Newsletter abbestellen<\/a><\/span><\/pre>\n<address>\u00a0<\/address>\n<address>\u00a0<\/address>\n<p>&nbsp;<\/p>\n","protected":false},"excerpt":{"rendered":"<p>IRON TANGO CRETE 05. bis 12. September 2026 &nbsp; \u00bb Anmeldung \/ Registration\u00a0 &nbsp; . Wir freuen uns auf ein zweites Mal an diesem besonderen Ort mit euch zu tanzen &#8211; ein magischer Ort mit[&#8230;]<\/p>\n","protected":false},"author":2,"featured_media":0,"parent":7668,"menu_order":3,"comment_status":"closed","ping_status":"closed","template":"","meta":{"footnotes":""},"class_list":["post-7836","page","type-page","status-publish","hentry"],"_links":{"self":[{"href":"https:\/\/www.la-academia-tango.net\/cms\/wp-json\/wp\/v2\/pages\/7836","targetHints":{"allow":["GET"]}}],"collection":[{"href":"https:\/\/www.la-academia-tango.net\/cms\/wp-json\/wp\/v2\/pages"}],"about":[{"href":"https:\/\/www.la-academia-tango.net\/cms\/wp-json\/wp\/v2\/types\/page"}],"author":[{"embeddable":true,"href":"https:\/\/www.la-academia-tango.net\/cms\/wp-json\/wp\/v2\/users\/2"}],"replies":[{"embeddable":true,"href":"https:\/\/www.la-academia-tango.net\/cms\/wp-json\/wp\/v2\/comments?post=7836"}],"version-history":[{"count":78,"href":"https:\/\/www.la-academia-tango.net\/cms\/wp-json\/wp\/v2\/pages\/7836\/revisions"}],"predecessor-version":[{"id":9875,"href":"https:\/\/www.la-academia-tango.net\/cms\/wp-json\/wp\/v2\/pages\/7836\/revisions\/9875"}],"up":[{"embeddable":true,"href":"https:\/\/www.la-academia-tango.net\/cms\/wp-json\/wp\/v2\/pages\/7668"}],"wp:attachment":[{"href":"https:\/\/www.la-academia-tango.net\/cms\/wp-json\/wp\/v2\/media?parent=7836"}],"curies":[{"name":"wp","href":"https:\/\/api.w.org\/{rel}","templated":true}]}}