{"id":7745,"date":"2023-07-19T15:53:33","date_gmt":"2023-07-19T14:53:33","guid":{"rendered":"https:\/\/www.la-academia-tango.net\/cms\/?page_id=7745"},"modified":"2024-06-04T15:25:36","modified_gmt":"2024-06-04T14:25:36","slug":"ruth-carsta","status":"publish","type":"page","link":"https:\/\/www.la-academia-tango.net\/cms\/ruth-carsta\/","title":{"rendered":"Ruth &#038; Carsta"},"content":{"rendered":"<p><span style=\"font-size: 20px;\">Ruth und Carsta\u00a0 unterrichten momentan regelm\u00e4\u00dfig gemeinsam in der Proitzer M\u00fchle und zum TIT in Asa.\u00a0<\/span><\/p>\n<p>&nbsp;<\/p>\n<p><span style=\"color: #ff0000;\">&#8211; &#8211; &#8211; &#8211; &#8211; &#8211; &#8211; &#8211; &#8211; &#8211; &#8211; &#8211; &#8211; &#8211; &#8211; &#8211; &#8211; &#8211; &#8211; &#8211; &#8211; &#8211; &#8211; &#8211; &#8211; &#8211; &#8211; &#8211; &#8211; &#8211; &#8211; &#8211; &#8211; &#8211; &#8211; &#8211; &#8211; &#8211; &#8211; &#8211; &#8211; &#8211; &#8211; &#8211; &#8211; &#8211; &#8211; &#8211; &#8211; &#8211; &#8211; &#8211; &#8211; &#8211; &#8211; &#8211; &#8211; &#8211; &#8211;<\/span><\/p>\n<p>engl below<\/p>\n<p>Gern k\u00f6nnt ihr uns gemeinsam einladen f\u00fcr Workshops und Kurse<\/p>\n<p>&nbsp;<\/p>\n<p>Ruth und Carsta kennen sich bereits viele Jahre und teilen gemeinsam ihre Idee \u00fcber den Tango und den Tangounterricht.<br \/>\nGegenseitig luden sie sich bereits als Gastlehrer zu sich ein.<br \/>\nDurch das intensive Zusammenarbeiten in der Proitzer M\u00fchle entstand das Projekt, auch gemeinsam zusammen zu unterrichten an verschiedenen Orten.<br \/>\nDie Tango-Musik in ihrer Musikalit\u00e4t systematisch und strukturiert wahrzunehmen \u2013 darauf richtet Ruth einen gro\u00dfen Anteil im Unterricht.<br \/>\nDie Musik zu f\u00fchlen und komfortabel f\u00fcr beide Seiten zu tanzen \u2013 dies wahrzunehmen und effektiv umzusetzen, dazu teilt Carsta gern mit euch ihre Ansichten.<br \/>\nCarsta und Ruth holen die Sch\u00fcler im Unterricht motivierend und feinf\u00fchlig ab unabh\u00e4ngig davon, wie lange und intensiv sie schon tanzen.<br \/>\nEin Augenmerk liegt dabei immer auch auf der Betrachtung der anderen Tanzrolle \u2013 egal, ob beide Rollen auch getanzt werden.<br \/>\nRuth und Carsta arbeiten viel mit Bildern \u2013 aus dieser Vielzahl der Betrachtungen tragen Ruth und Carsta dazu bei, dass die Sch\u00fcler ihren eigenen Tango entwickeln k\u00f6nnen.<br \/>\nFreut euch auf einen erfrischenden, inspirierenden, motivierenden Unterricht.<\/p>\n<p><span style=\"color: #ffffff;\">.<\/span><br \/>\n<span style=\"color: #ff0000;\">&#8211; &#8211; &#8211; &#8211; &#8211; &#8211; &#8211; &#8211; &#8211; &#8211; &#8211; &#8211; &#8211; &#8211; &#8211; &#8211; &#8211; &#8211; &#8211; &#8211; &#8211; &#8211; &#8211; &#8211; &#8211; &#8211; &#8211; &#8211; &#8211; &#8211; &#8211; &#8211; &#8211; &#8211; &#8211; &#8211; &#8211; &#8211; &#8211; &#8211; &#8211; &#8211; &#8211; &#8211; &#8211; &#8211; &#8211; &#8211; &#8211; &#8211; &#8211; &#8211; &#8211; &#8211; &#8211; &#8211; &#8211; &#8211; &#8211;<\/span><\/p>\n<p>You are welcome to invite us together for workshops and courses<\/p>\n<p><span style=\"color: #ffffff;\">.<\/span><\/p>\n<p>Ruth and Carsta have known each other for many years and share theire idea about tango and tango teaching.<br \/>\nThey have already invited each other as guest teachers.<br \/>\nThrough the intensive collaboration in the Proitzer M\u00fchle, the project arose to also teach together in different places.<br \/>\nTo perceive the musicality of tango music systematically and in a structured way &#8211; this is what Ruth focuses on in her lessons.<br \/>\nTo feel the music and to dance comfortably for both sides &#8211; to perceive this and to implement it effectively, Carsta is happy to share her views on this.<br \/>\nCarsta and Ruth pick up the students in their lessons in a motivating and sensitive way, regardless of how long and intensively they have been dancing.<br \/>\nThere is always an emphasis on looking at the other dance role &#8211; regardless of whether both roles are also danced.<br \/>\nRuth and Carsta work a lot with images &#8211; from this multitude of reflections Ruth and Carsta help the students to develop their own tango.<br \/>\nLook forward to a refreshing, inspiring, motivating class with Ruth and Carsta<br \/>\n<span style=\"color: #ffffff;\">.<\/span><\/p>\n<p>Kontakt<\/p>\n<p>Ruth Rozelaar<\/p>\n<p>+44 (0)7811 520038<br \/>\nruth.rozelaar[at] gmail.com<\/p>\n<p><span style=\"color: #ffffff;\">.<\/span><\/p>\n<p>Carsta<\/p>\n<p>+49 (0)172 3635742<\/p>\n<p>info [at] la-academia-tango-dresden.de<\/p>\n<p><span style=\"color: #ffffff;\">.<\/span><\/p>\n<p><span style=\"color: #ffffff;\">.<\/span><\/p>\n<p><span style=\"color: #ffffff;\">.<\/span><\/p>\n<p>&nbsp;<\/p>\n<p><a href=\"https:\/\/www.la-academia-tango.net\/cms\/ruth-carsta\/\"><img loading=\"lazy\" decoding=\"async\" class=\"prozent aligncenter wp-image-7750 size-large\" src=\"https:\/\/www.la-academia-tango.net\/cms\/wp-content\/uploads\/Flyer-Ruth-Carsta-3-1024x483.jpg\" alt=\"\" width=\"1024\" height=\"483\" \/><\/a><\/p>\n<p><span style=\"color: #ffffff;\">.<\/span><\/p>\n<p><span style=\"color: #ffffff;\">.<\/span><\/p>\n<p><span style=\"color: #ffffff;\">.<\/span><\/p>\n<p><span style=\"color: #ffffff;\">.<\/span><\/p>\n<p>&nbsp;<\/p>\n<p>&nbsp;<\/p>\n<p>&nbsp;<\/p>\n<p><span style=\"font-size: 8px; color: #808080;\"><a style=\"color: #808080;\" href=\"https:\/\/www.la-academia-tango.net\/cms\/ruth-carsta\/\"> \u00bbTango mit Ruth &amp; Carsta<\/a><\/span><\/p>\n","protected":false},"excerpt":{"rendered":"<p>Ruth und Carsta\u00a0 unterrichten momentan regelm\u00e4\u00dfig gemeinsam in der Proitzer M\u00fchle und zum TIT in Asa.\u00a0 &nbsp; &#8211; &#8211; &#8211; &#8211; &#8211; &#8211; &#8211; &#8211; &#8211; &#8211; &#8211; &#8211; &#8211; &#8211; &#8211; &#8211; &#8211; &#8211;[&#8230;]<\/p>\n","protected":false},"author":2,"featured_media":0,"parent":0,"menu_order":0,"comment_status":"closed","ping_status":"closed","template":"","meta":{"footnotes":""},"class_list":["post-7745","page","type-page","status-publish","hentry"],"_links":{"self":[{"href":"https:\/\/www.la-academia-tango.net\/cms\/wp-json\/wp\/v2\/pages\/7745","targetHints":{"allow":["GET"]}}],"collection":[{"href":"https:\/\/www.la-academia-tango.net\/cms\/wp-json\/wp\/v2\/pages"}],"about":[{"href":"https:\/\/www.la-academia-tango.net\/cms\/wp-json\/wp\/v2\/types\/page"}],"author":[{"embeddable":true,"href":"https:\/\/www.la-academia-tango.net\/cms\/wp-json\/wp\/v2\/users\/2"}],"replies":[{"embeddable":true,"href":"https:\/\/www.la-academia-tango.net\/cms\/wp-json\/wp\/v2\/comments?post=7745"}],"version-history":[{"count":9,"href":"https:\/\/www.la-academia-tango.net\/cms\/wp-json\/wp\/v2\/pages\/7745\/revisions"}],"predecessor-version":[{"id":8465,"href":"https:\/\/www.la-academia-tango.net\/cms\/wp-json\/wp\/v2\/pages\/7745\/revisions\/8465"}],"wp:attachment":[{"href":"https:\/\/www.la-academia-tango.net\/cms\/wp-json\/wp\/v2\/media?parent=7745"}],"curies":[{"name":"wp","href":"https:\/\/api.w.org\/{rel}","templated":true}]}}