{"id":7443,"date":"2023-01-24T15:43:27","date_gmt":"2023-01-24T14:43:27","guid":{"rendered":"https:\/\/www.la-academia-tango.net\/cms\/?page_id=7443"},"modified":"2026-04-08T11:23:36","modified_gmt":"2026-04-08T10:23:36","slug":"kalender","status":"publish","type":"page","link":"https:\/\/www.la-academia-tango.net\/cms\/kalender\/","title":{"rendered":"Kalender &#8211; alle Aktivit\u00e4ten im \u00dcberblick"},"content":{"rendered":"<p style=\"text-align: left;\"><span style=\"font-size: 12pt;\"><strong><span style=\"color: #000000;\">Liebe Tan<\/span><span style=\"color: #ff0000;\">g<\/span><span style=\"color: #000000;\">o<\/span><span style=\"color: #ff0000;\">! Freunde<\/span><\/strong><\/span><\/p>\n<p style=\"text-align: left;\"><span style=\"color: #333333; font-size: 12pt;\">Wir laden euch herzlich ein &#8211; hier habt ihr einen \u00dcberblick \u00fcber alle Aktivit\u00e4ten bei oder mit uns:<\/span><\/p>\n<p><iframe loading=\"lazy\" style=\"border: solid 1px #777;\" src=\"https:\/\/calendar.google.com\/calendar\/embed?height=600&amp;wkst=2&amp;ctz=Europe%2FBerlin&amp;showPrint=0&amp;showCalendars=0&amp;showTitle=0&amp;showTabs=0&amp;src=bGFhY2FkZW1pYXRhbmdvZHJlc2RlbkBnbWFpbC5jb20&amp;src=ZGUuZ2VybWFuI2hvbGlkYXlAZ3JvdXAudi5jYWxlbmRhci5nb29nbGUuY29t&amp;color=%23ad1457&amp;color=%232dec18\" width=\"1400\" height=\"600\" frameborder=\"0\" scrolling=\"no\"><\/iframe><\/p>\n<p><span style=\"color: #333333;\">Kurs-\/Veranstaltungsort &#8211; wenn ausw\u00e4rts, dann ist der Ort verlinkt, sonst\u00a0 in <a style=\"color: #333333;\" href=\"https:\/\/www.la-academia-tango.net\/cms\/kontakt\/\">\u00bbLa academia<\/a> <\/span><\/p>\n<p><span style=\"color: #333333;\">Kurse und Events sind immer nur f\u00fcr eine bestimmte Zeit im Voraus eingetragen <\/span>\u00a0&#8211; es kann kurzfristige \u00c4nderungen geben <span style=\"color: #333333;\"> &#8211; seht regelm\u00e4\u00dfig <\/span>nach<\/p>\n<p style=\"text-align: center;\"><span style=\"font-size: 14pt; color: #ffffff;\">|<\/span><\/p>\n<pre style=\"text-align: center;\"><span style=\"color: #ff0000; font-size: 20px;\">\u2022<\/span><\/pre>\n<p style=\"text-align: center;\"><span style=\"font-size: 14pt; color: #ffffff;\">|<\/span><\/p>\n<p><a href=\"https:\/\/www.la-academia-tango.net\/cms\/eric-jorissen-zu-gast\/\"><img loading=\"lazy\" decoding=\"async\" class=\"aligncenter wp-image-9431\" src=\"https:\/\/www.la-academia-tango.net\/cms\/wp-content\/uploads\/Eric-Jorissen-mit-qr-1024x483.jpg\" alt=\"\" width=\"500\" height=\"236\" \/><\/a><\/p>\n<p style=\"text-align: center;\"><a href=\"https:\/\/www.la-academia-tango.net\/cms\/eric-jorissen-zu-gast\/\" target=\"_blank\" rel=\"noopener\"><span style=\"font-size: 14pt;\"><strong><span style=\"color: #ff0000;\"><span style=\"font-size: 24px;\">\u00bb Eric J\u00f8rissen zu Gast\u00a0<\/span><\/span><\/strong><\/span><\/a><\/p>\n<p style=\"text-align: center;\"><span style=\"font-size: 18px;\">18. | 19.| 20. April 2026 <\/span><\/p>\n<p style=\"text-align: center;\"><span style=\"font-size: 18px;\"><a href=\"https:\/\/www.la-academia-tango.net\/cms\/eric-jorissen-zu-gast\/\" target=\"_blank\" rel=\"noopener\"><span style=\"font-size: 14pt;\"><strong><span style=\"color: #ff0000;\"><span style=\"font-size: 24px;\">Milonga am Samstag<\/span><\/span><\/strong><\/span><\/a><\/span><\/p>\n<p style=\"text-align: center;\"><span style=\"font-size: 18px;\">20.30 Uhr<br \/>\nzur Milonga ohne Anmeldung\u00a0 (der Workshop zuvor ist bereits ausgebucht &#8211; Anmeldung mit Warteliste)<\/span><\/p>\n<p style=\"text-align: center;\"><span style=\"font-size: 18px;\"><a href=\"https:\/\/www.la-academia-tango.net\/cms\/eric-jorissen-zu-gast\/\" target=\"_blank\" rel=\"noopener\"><span style=\"font-size: 14pt;\"><strong><span style=\"color: #ff0000;\"><span style=\"font-size: 24px;\">TangoPralin\u00e9 am Sonntag <\/span><\/span><\/strong><\/span><\/a><\/span><\/p>\n<p style=\"text-align: center;\"><span style=\"font-size: 18px;\">17 &#8211; 20 Uhr<br \/>\n<\/span><span style=\"font-size: 18px;\">zur Pralin\u00e9 ohne Anmeldung\u00a0 (das Seminar zuvor ist bereits ausgebucht &#8211; Anmeldung mit Warteliste)<\/span><\/p>\n<p style=\"text-align: center;\"><span style=\"font-size: 18px;\"><a href=\"https:\/\/www.la-academia-tango.net\/cms\/eric-jorissen-zu-gast\/\" target=\"_blank\" rel=\"noopener\"><span style=\"font-size: 14pt;\"><strong><span style=\"color: #ff0000;\"><span style=\"font-size: 24px;\">&#8230;und am Montag\u00a0<\/span><\/span><\/strong><\/span><\/a><\/span><\/p>\n<p style=\"text-align: center;\"><span style=\"font-size: 18px;\">&#8230;ist der Workshop ausgebucht &#8211; Anmeldung mit Warteliste\u00a0<\/span><\/p>\n<p style=\"text-align: center;\"><span style=\"font-size: 14pt; color: #ffffff;\">|<\/span><\/p>\n<pre style=\"text-align: center;\"><span style=\"color: #ff0000; font-size: 20px;\">\u2022<\/span><\/pre>\n<p style=\"text-align: center;\"><span style=\"font-size: 14pt; color: #ffffff;\">|<\/span><\/p>\n<p style=\"text-align: center;\"><span style=\"font-size: 28px;\"><strong><span style=\"color: #ff0000;\"><span style=\"caret-color: #000000;\">Neu<img loading=\"lazy\" decoding=\"async\" class=\"aligncenter wp-image-9794 size-medium\" src=\"https:\/\/www.la-academia-tango.net\/cms\/wp-content\/uploads\/TangoKurse-Flyer-300x141.jpg\" alt=\"\" width=\"300\" height=\"141\" srcset=\"https:\/\/www.la-academia-tango.net\/cms\/wp-content\/uploads\/TangoKurse-Flyer-300x141.jpg 300w, https:\/\/www.la-academia-tango.net\/cms\/wp-content\/uploads\/TangoKurse-Flyer-1024x483.jpg 1024w, https:\/\/www.la-academia-tango.net\/cms\/wp-content\/uploads\/TangoKurse-Flyer-768x362.jpg 768w, https:\/\/www.la-academia-tango.net\/cms\/wp-content\/uploads\/TangoKurse-Flyer-1536x724.jpg 1536w, https:\/\/www.la-academia-tango.net\/cms\/wp-content\/uploads\/TangoKurse-Flyer-370x174.jpg 370w, https:\/\/www.la-academia-tango.net\/cms\/wp-content\/uploads\/TangoKurse-Flyer-1040x490.jpg 1040w, https:\/\/www.la-academia-tango.net\/cms\/wp-content\/uploads\/TangoKurse-Flyer.jpg 2000w\" sizes=\"auto, (max-width: 300px) 100vw, 300px\" \/> <\/span><\/span><\/strong><\/span><\/p>\n<p style=\"text-align: center;\"><a href=\"https:\/\/www.la-academia-tango.net\/cms\/milonguero-die-kunst-der-engen-umarmung\/#\" target=\"_blank\" rel=\"noopener\"><span style=\"font-size: 28px;\"><strong><span style=\"color: #ff0000;\"><span style=\"caret-color: #000000;\">\u00bb <span style=\"font-size: 24px;\">Milonguero &#8211; die Kunst der engen Umarmung<\/span><\/span><\/span><\/strong><\/span><\/a><\/p>\n<p style=\"text-align: center;\"><span style=\"color: #333333; font-size: 24px;\">Kurstermine<br \/>\n<\/span><span style=\"font-size: 18px;\">\u00a09.4. | 16.4. | 23.4. | 30.4. | 7.5. | 11.6. | 18.6. | 2.7.? |16.7.?<br \/>\n<a href=\"https:\/\/www.la-academia-tango.net\/cms\/milonguero-die-kunst-der-engen-umarmung\/#\" target=\"_blank\" rel=\"noopener\"><span style=\"font-size: 10pt; color: #808080;\">\u00bb\u00a0 mehr Infos hier<\/span><\/a><\/span><\/p>\n<p style=\"text-align: center;\"><span style=\"font-size: 14pt; color: #ffffff;\">|<\/span><\/p>\n<pre style=\"text-align: center;\"><span style=\"color: #ff0000; font-size: 20px;\">\u2022<\/span><\/pre>\n<p style=\"text-align: center;\"><span style=\"font-size: 14pt; color: #ffffff;\">|<\/span><\/p>\n<p><a href=\"https:\/\/www.la-academia-tango.net\/cms\/xxx\/\"><img loading=\"lazy\" decoding=\"async\" class=\"aligncenter wp-image-9663 size-medium\" src=\"https:\/\/www.la-academia-tango.net\/cms\/wp-content\/uploads\/Schnupperstunde-2-1-300x141.jpg\" alt=\"\" width=\"300\" height=\"141\" srcset=\"https:\/\/www.la-academia-tango.net\/cms\/wp-content\/uploads\/Schnupperstunde-2-1-300x141.jpg 300w, https:\/\/www.la-academia-tango.net\/cms\/wp-content\/uploads\/Schnupperstunde-2-1-1024x483.jpg 1024w, https:\/\/www.la-academia-tango.net\/cms\/wp-content\/uploads\/Schnupperstunde-2-1-768x362.jpg 768w, https:\/\/www.la-academia-tango.net\/cms\/wp-content\/uploads\/Schnupperstunde-2-1-1536x724.jpg 1536w, https:\/\/www.la-academia-tango.net\/cms\/wp-content\/uploads\/Schnupperstunde-2-1-370x174.jpg 370w, https:\/\/www.la-academia-tango.net\/cms\/wp-content\/uploads\/Schnupperstunde-2-1-1040x490.jpg 1040w, https:\/\/www.la-academia-tango.net\/cms\/wp-content\/uploads\/Schnupperstunde-2-1.jpg 2000w\" sizes=\"auto, (max-width: 300px) 100vw, 300px\" \/><\/a><\/p>\n<p>&nbsp;<\/p>\n<p style=\"text-align: center;\"><span style=\"font-size: 14pt;\"><strong><span style=\"color: #ff0000;\"><a style=\"color: #ff0000;\" href=\"https:\/\/www.la-academia-tango.net\/cms\/xxx\/\" target=\"_blank\" rel=\"noopener\"><span style=\"font-size: 24px;\">\u00bb Praktika &amp; Schnupperstunde &amp; Tanzen\u00a0<\/span><\/a><br \/>\n<\/span><\/strong><\/span><\/p>\n<p style=\"text-align: center;\"><span style=\"font-size: 18px;\"><strong>Donnerstag, 19. M\u00e4rz<\/strong><\/span><\/p>\n<p>&nbsp;<\/p>\n<p style=\"text-align: center;\"><a href=\"https:\/\/www.la-academia-tango.net\/cms\/xxx\/\" target=\"_blank\" rel=\"noopener\"><span style=\"font-size: 10pt; color: #808080;\">\u00bb\u00a0 mehr Infos hier<\/span><\/a><\/p>\n<p style=\"text-align: center;\"><span style=\"font-size: 14pt; color: #ffffff;\">|<\/span><\/p>\n<pre style=\"text-align: center;\"><span style=\"color: #ff0000; font-size: 20px;\">\u2022<\/span><\/pre>\n<p style=\"text-align: center;\"><span style=\"font-size: 14pt; color: #ffffff;\">|<\/span><\/p>\n<p>&nbsp;<\/p>\n<p><img loading=\"lazy\" decoding=\"async\" class=\"aligncenter wp-image-8016 size-medium\" src=\"https:\/\/www.la-academia-tango.net\/cms\/wp-content\/uploads\/Tango-Praline-1-300x140.jpg\" alt=\"\" width=\"300\" height=\"140\" \/><\/p>\n<p>&nbsp;<\/p>\n<p style=\"text-align: center;\"><a href=\"https:\/\/www.la-academia-tango.net\/cms\/kalender\/\"><span style=\"font-size: 22px;\"><strong><span style=\"color: #ff0000;\"><span style=\"caret-color: #000000;\">\u00bb Tango!Pralin\u00e9\u00a0<\/span><\/span><\/strong><\/span><\/a><\/p>\n<p style=\"text-align: center;\"><span style=\"color: #333333; font-size: 18px;\"><strong><a style=\"color: #333333;\" href=\"https:\/\/www.la-academia-tango.net\/cms\/kalender\/\">\u00bb\u00a0 oft am Sonntag &#8211; Termine oben im Kalender<\/a><\/strong><\/span><\/p>\n<p style=\"text-align: center;\"><span style=\"font-size: 14pt;\"><strong>17 &#8211; 20 Uhr<\/strong><\/span><\/p>\n<p style=\"text-align: center;\">Wir freuen uns \u00fcber eure Leckereien f\u00fcr das Mitbring-Buffet<br \/>\ns\u00fc\u00df &#8211; herzhaft &#8211; s\u00fc\u00dfsauer<\/p>\n<p style=\"text-align: center;\"><a href=\"https:\/\/www.la-academia-tango.net\/cms\/kalender\/\"><span style=\"font-size: 10pt; color: #808080;\">\u00bb\u00a0 Termine im Kalender\u00a0 La academia<\/span><\/a><\/p>\n<p style=\"text-align: center;\"><span style=\"font-size: 14pt; color: #ffffff;\">|<\/span><\/p>\n<pre style=\"text-align: center;\"><span style=\"color: #ff0000; font-size: 20px;\">\u2022<\/span><\/pre>\n<p style=\"text-align: center;\"><span style=\"font-size: 14pt; color: #ffffff;\">|<\/span><\/p>\n<p><a href=\"https:\/\/www.la-academia-tango.net\/cms\/wp-content\/uploads\/Ostern.jpg\" target=\"_blank\" rel=\"noopener\"><img loading=\"lazy\" decoding=\"async\" class=\"aligncenter wp-image-9849 size-medium\" src=\"https:\/\/www.la-academia-tango.net\/cms\/wp-content\/uploads\/Ostern-300x300.jpg\" alt=\"\" width=\"300\" height=\"300\" srcset=\"https:\/\/www.la-academia-tango.net\/cms\/wp-content\/uploads\/Ostern-300x300.jpg 300w, https:\/\/www.la-academia-tango.net\/cms\/wp-content\/uploads\/Ostern-1024x1024.jpg 1024w, https:\/\/www.la-academia-tango.net\/cms\/wp-content\/uploads\/Ostern-150x150.jpg 150w, https:\/\/www.la-academia-tango.net\/cms\/wp-content\/uploads\/Ostern-768x768.jpg 768w, https:\/\/www.la-academia-tango.net\/cms\/wp-content\/uploads\/Ostern-370x370.jpg 370w, https:\/\/www.la-academia-tango.net\/cms\/wp-content\/uploads\/Ostern-1040x1040.jpg 1040w, https:\/\/www.la-academia-tango.net\/cms\/wp-content\/uploads\/Ostern.jpg 1080w\" sizes=\"auto, (max-width: 300px) 100vw, 300px\" \/><\/a><\/p>\n<p style=\"text-align: center;\"><span style=\"font-size: 18px;\">\u00a0Am Ostersonntag, 5. April 17 Uhr<\/span><\/p>\n<p style=\"text-align: center;\"><span style=\"font-size: 14pt; color: #ffffff;\">|<\/span><\/p>\n<pre style=\"text-align: center;\"><span style=\"color: #ff0000; font-size: 20px;\">\u2022<\/span><\/pre>\n<p style=\"text-align: center;\"><span style=\"font-size: 14pt; color: #ffffff;\">|<\/span><\/p>\n<p><a href=\"https:\/\/www.la-academia-tango.net\/cms\/eric-jorissen-zu-gast\/\"><img loading=\"lazy\" decoding=\"async\" class=\"aligncenter wp-image-9431\" src=\"https:\/\/www.la-academia-tango.net\/cms\/wp-content\/uploads\/Eric-Jorissen-mit-qr-1024x483.jpg\" alt=\"\" width=\"500\" height=\"236\" \/><\/a><\/p>\n<p style=\"text-align: center;\"><a href=\"https:\/\/www.la-academia-tango.net\/cms\/eric-jorissen-zu-gast\/\" target=\"_blank\" rel=\"noopener\"><span style=\"font-size: 14pt;\"><strong><span style=\"color: #ff0000;\"><span style=\"font-size: 24px;\">\u00bb Eric J\u00f8rissen zu Gast\u00a0<\/span><\/span><\/strong><\/span><\/a><\/p>\n<p style=\"text-align: center;\"><span style=\"font-size: 18px;\">18. | 19.| 20. April 2026<\/span><\/p>\n<p style=\"text-align: center;\"><span style=\"font-size: 14pt; color: #ffffff;\">|<\/span><\/p>\n<pre style=\"text-align: center;\"><span style=\"color: #ff0000; font-size: 20px;\">\u2022<\/span><\/pre>\n<p style=\"text-align: center;\"><span style=\"font-size: 14pt; color: #ffffff;\">|<\/span><\/p>\n<p style=\"text-align: center;\"><img loading=\"lazy\" decoding=\"async\" class=\"aligncenter wp-image-9618 size-medium\" src=\"https:\/\/www.la-academia-tango.net\/cms\/wp-content\/uploads\/Entre-Mundos-300x140.jpg\" alt=\"\" width=\"300\" height=\"140\" srcset=\"https:\/\/www.la-academia-tango.net\/cms\/wp-content\/uploads\/Entre-Mundos-300x140.jpg 300w, https:\/\/www.la-academia-tango.net\/cms\/wp-content\/uploads\/Entre-Mundos-1024x478.jpg 1024w, https:\/\/www.la-academia-tango.net\/cms\/wp-content\/uploads\/Entre-Mundos-768x358.jpg 768w, https:\/\/www.la-academia-tango.net\/cms\/wp-content\/uploads\/Entre-Mundos-1536x717.jpg 1536w, https:\/\/www.la-academia-tango.net\/cms\/wp-content\/uploads\/Entre-Mundos-370x173.jpg 370w, https:\/\/www.la-academia-tango.net\/cms\/wp-content\/uploads\/Entre-Mundos-1040x485.jpg 1040w, https:\/\/www.la-academia-tango.net\/cms\/wp-content\/uploads\/Entre-Mundos.jpg 2000w\" sizes=\"auto, (max-width: 300px) 100vw, 300px\" \/><\/p>\n<p style=\"text-align: center;\"><a href=\"https:\/\/www.la-academia-tango.net\/cms\/live-milonga-mit-entre-mundos\/\" target=\"_blank\" rel=\"noopener\"><span style=\"font-size: 24px;\"><strong><span style=\"color: #ff0000;\">\u00bb Entre Mundos Live zur Milonga<\/span><\/strong><\/span><\/a><a href=\"https:\/\/www.la-academia-tango.net\/cms\/loco-motivo-deutsch\/\"><span style=\"font-size: 14pt;\"><strong><span style=\"color: #ff0000;\"><span style=\"font-size: 30px;\"><br \/>\n<\/span><\/span><\/strong><\/span><\/a><\/p>\n<p style=\"text-align: center;\"><span style=\"font-size: 18px;\">Freitag, 8. Mai,\u00a0 <\/span><span style=\"font-size: 18px;\">20 Uhr\u00a0<\/span><\/p>\n<p style=\"text-align: center;\"><span style=\"font-size: 14pt; color: #ffffff;\">|<\/span><\/p>\n<p style=\"text-align: center;\"><span style=\"font-size: 14pt; color: #ffffff;\">|<\/span><\/p>\n<pre style=\"text-align: center;\"><span style=\"color: #ff0000; font-size: 20px;\">\u2022<\/span><\/pre>\n<p style=\"text-align: center;\"><img loading=\"lazy\" decoding=\"async\" class=\"aligncenter wp-image-9602\" src=\"https:\/\/www.la-academia-tango.net\/cms\/wp-content\/uploads\/Flyer-Sigrid-Maria-13-300x141.jpg\" alt=\"\" width=\"500\" height=\"236\" srcset=\"https:\/\/www.la-academia-tango.net\/cms\/wp-content\/uploads\/Flyer-Sigrid-Maria-13-300x141.jpg 300w, https:\/\/www.la-academia-tango.net\/cms\/wp-content\/uploads\/Flyer-Sigrid-Maria-13-1024x483.jpg 1024w, https:\/\/www.la-academia-tango.net\/cms\/wp-content\/uploads\/Flyer-Sigrid-Maria-13-768x362.jpg 768w, https:\/\/www.la-academia-tango.net\/cms\/wp-content\/uploads\/Flyer-Sigrid-Maria-13-1536x724.jpg 1536w, https:\/\/www.la-academia-tango.net\/cms\/wp-content\/uploads\/Flyer-Sigrid-Maria-13-370x174.jpg 370w, https:\/\/www.la-academia-tango.net\/cms\/wp-content\/uploads\/Flyer-Sigrid-Maria-13-1040x490.jpg 1040w, https:\/\/www.la-academia-tango.net\/cms\/wp-content\/uploads\/Flyer-Sigrid-Maria-13.jpg 2000w\" sizes=\"auto, (max-width: 500px) 100vw, 500px\" \/><\/p>\n<p style=\"text-align: center;\"><a href=\"https:\/\/www.la-academia-tango.net\/cms\/summer-tango-meeting\/\" target=\"_blank\" rel=\"noopener\"><span style=\"font-size: 14pt;\"><strong><span style=\"color: #ff0000;\"><span style=\"font-size: 24px;\">\u00bb\u00a0 Summer Tango Meeting mit Sigrid van Tilbeurgh &amp; Maria Filali\u00a0<\/span><\/span><\/strong><\/span><\/a><\/p>\n<p style=\"text-align: center;\"><span style=\"font-size: 18px;\">17. | 18.| 19. | 20. | 21. | 22. | 23. August 2026<\/span><\/p>\n<p style=\"text-align: center;\"><span style=\"font-size: 14pt; color: #ffffff;\">|<\/span><\/p>\n<pre style=\"text-align: center;\"><span style=\"color: #ff0000; font-size: 20px;\">\u2022<\/span><\/pre>\n<p style=\"text-align: center;\"><span style=\"font-size: 14pt; color: #ffffff;\">|<\/span><\/p>\n<p style=\"text-align: center;\"><span style=\"font-size: 14pt; color: #ffffff;\">|<\/span><\/p>\n<pre style=\"text-align: center;\"><span style=\"font-size: 26px;\"><span style=\"color: #ffffff;\">.<\/span><span style=\"font-size: 30px;\"><strong><span style=\"color: #ff0000;\"><span style=\"caret-color: #000000;\"><a href=\"https:\/\/www.la-academia-tango.net\/cms\/kurse-und-workshops\/\"><span style=\"color: #ff0000;\">\u00bb alle Kurse und Workshops im \u00dcberblick<\/span><\/a><\/span><\/span><\/strong><\/span><\/span><\/pre>\n<p><a href=\"https:\/\/www.la-academia-tango.net\/cms\/kurse-und-workshops\/\"><img loading=\"lazy\" decoding=\"async\" class=\"prozent aligncenter wp-image-9185 size-medium\" src=\"https:\/\/www.la-academia-tango.net\/cms\/wp-content\/uploads\/Tango-Kurse-300x141.jpg\" alt=\"\" width=\"300\" height=\"141\" \/><\/a><\/p>\n<h3 style=\"text-align: center;\"><span style=\"font-size: 14pt; color: #ffffff;\">|<\/span><\/h3>\n<h3 style=\"text-align: center;\"><span style=\"font-size: 14pt; color: #ff0000;\">\u2022<\/span><\/h3>\n<h3 style=\"text-align: center;\"><span style=\"font-size: 14pt; color: #ffffff;\">|<\/span><\/h3>\n<p><a href=\"https:\/\/www.la-academia-tango.net\/cms\/xxx\/\"><img loading=\"lazy\" decoding=\"async\" class=\"aligncenter wp-image-9663 size-medium\" src=\"https:\/\/www.la-academia-tango.net\/cms\/wp-content\/uploads\/Schnupperstunde-2-1-300x141.jpg\" alt=\"\" width=\"300\" height=\"141\" srcset=\"https:\/\/www.la-academia-tango.net\/cms\/wp-content\/uploads\/Schnupperstunde-2-1-300x141.jpg 300w, https:\/\/www.la-academia-tango.net\/cms\/wp-content\/uploads\/Schnupperstunde-2-1-1024x483.jpg 1024w, https:\/\/www.la-academia-tango.net\/cms\/wp-content\/uploads\/Schnupperstunde-2-1-768x362.jpg 768w, https:\/\/www.la-academia-tango.net\/cms\/wp-content\/uploads\/Schnupperstunde-2-1-1536x724.jpg 1536w, https:\/\/www.la-academia-tango.net\/cms\/wp-content\/uploads\/Schnupperstunde-2-1-370x174.jpg 370w, https:\/\/www.la-academia-tango.net\/cms\/wp-content\/uploads\/Schnupperstunde-2-1-1040x490.jpg 1040w, https:\/\/www.la-academia-tango.net\/cms\/wp-content\/uploads\/Schnupperstunde-2-1.jpg 2000w\" sizes=\"auto, (max-width: 300px) 100vw, 300px\" \/><\/a><\/p>\n<p>&nbsp;<\/p>\n<p style=\"text-align: center;\"><span style=\"font-size: 14pt;\"><strong><span style=\"color: #ff0000;\"><a style=\"color: #ff0000;\" href=\"https:\/\/www.la-academia-tango.net\/cms\/xxx\/\" target=\"_blank\" rel=\"noopener\"><span style=\"font-size: 24px;\">\u00bb Praktika &amp; Schnupperstunde &amp; Tanzen\u00a0<\/span><\/a><br \/>\n<\/span><\/strong><\/span><\/p>\n<p style=\"text-align: center;\"><span style=\"font-size: 18px;\"><strong>Donnerstag, 19. M\u00e4rz<\/strong><\/span><\/p>\n<p style=\"text-align: center;\"><a href=\"https:\/\/www.la-academia-tango.net\/cms\/xxx\/\"><span style=\"font-size: 10pt; color: #808080;\">\u00bb\u00a0 mehr Infos hier<\/span><\/a><\/p>\n<h3 style=\"text-align: center;\"><span style=\"font-size: 14pt; color: #ffffff;\">|<\/span><\/h3>\n<h3 style=\"text-align: center;\"><span style=\"font-size: 14pt; color: #ff0000;\">\u2022<\/span><\/h3>\n<h3 style=\"text-align: center;\"><span style=\"font-size: 14pt; color: #ffffff;\">|<\/span><\/h3>\n<p style=\"text-align: center;\"><span style=\"font-size: 28px;\"><strong><span style=\"color: #ff0000;\"><span style=\"caret-color: #000000;\">Neu<img loading=\"lazy\" decoding=\"async\" class=\"aligncenter wp-image-9794 size-medium\" src=\"https:\/\/www.la-academia-tango.net\/cms\/wp-content\/uploads\/TangoKurse-Flyer-300x141.jpg\" alt=\"\" width=\"300\" height=\"141\" srcset=\"https:\/\/www.la-academia-tango.net\/cms\/wp-content\/uploads\/TangoKurse-Flyer-300x141.jpg 300w, https:\/\/www.la-academia-tango.net\/cms\/wp-content\/uploads\/TangoKurse-Flyer-1024x483.jpg 1024w, https:\/\/www.la-academia-tango.net\/cms\/wp-content\/uploads\/TangoKurse-Flyer-768x362.jpg 768w, https:\/\/www.la-academia-tango.net\/cms\/wp-content\/uploads\/TangoKurse-Flyer-1536x724.jpg 1536w, https:\/\/www.la-academia-tango.net\/cms\/wp-content\/uploads\/TangoKurse-Flyer-370x174.jpg 370w, https:\/\/www.la-academia-tango.net\/cms\/wp-content\/uploads\/TangoKurse-Flyer-1040x490.jpg 1040w, https:\/\/www.la-academia-tango.net\/cms\/wp-content\/uploads\/TangoKurse-Flyer.jpg 2000w\" sizes=\"auto, (max-width: 300px) 100vw, 300px\" \/> <\/span><\/span><\/strong><\/span><\/p>\n<p style=\"text-align: center;\"><a href=\"https:\/\/www.la-academia-tango.net\/cms\/milonguero-die-kunst-der-engen-umarmung\/#\" target=\"_blank\" rel=\"noopener\"><span style=\"font-size: 28px;\"><strong><span style=\"color: #ff0000;\"><span style=\"caret-color: #000000;\">\u00bb <span style=\"font-size: 24px;\">Milonguero &#8211; die Kunst der engen Umarmung<\/span><\/span><\/span><\/strong><\/span><\/a><\/p>\n<p style=\"text-align: center;\"><span style=\"color: #333333; font-size: 24px;\">5 Kurstermine<br \/>\n<\/span><span style=\"font-size: 18px;\">26.2. | 5.3. |\u00a0 12.3. |\u00a0 26.3. |\u00a0 9.4. |<br \/>\n<a href=\"https:\/\/www.la-academia-tango.net\/cms\/milonguero-die-kunst-der-engen-umarmung\/#\" target=\"_blank\" rel=\"noopener\"><span style=\"font-size: 10pt; color: #808080;\">\u00bb\u00a0 mehr Infos hier<\/span><\/a><\/span><\/p>\n<h3 style=\"text-align: center;\"><span style=\"font-size: 14pt; color: #ffffff;\">|<\/span><\/h3>\n<h3 style=\"text-align: center;\"><span style=\"font-size: 14pt; color: #ff0000;\">\u2022<\/span><\/h3>\n<h3 style=\"text-align: center;\"><span style=\"font-size: 14pt; color: #ffffff;\">|<\/span><\/h3>\n<p style=\"text-align: center;\"><a href=\"https:\/\/www.la-academia-tango.net\/cms\/kurse-2\/basics-seele-des-tangos\/\" target=\"_blank\" rel=\"noopener\"><span style=\"font-size: 18pt; color: #ff0000;\"><span style=\"caret-color: #000000;\"><b>\u00bb Basics &#8211; Seele des Tangos<\/b><\/span><\/span><\/a><\/p>\n<p style=\"text-align: center;\"><strong><span style=\"font-size: 14pt;\">Mittwoch<\/span><\/strong><br \/>\n19 &#8211; 20.30 Uhr<\/p>\n<p>&nbsp;<\/p>\n<p style=\"text-align: center;\"><span style=\"font-size: 12pt; color: #808080;\"><a style=\"color: #808080;\" href=\"https:\/\/www.la-academia-tango.net\/cms\/kalender\/\">\u00bb Termine oben im Kalender<\/a><\/span><\/p>\n<h3 style=\"text-align: center;\"><span style=\"font-size: 14pt; color: #ffffff;\">|<\/span><\/h3>\n<h3 style=\"text-align: center;\"><span style=\"font-size: 14pt; color: #ff0000;\">\u2022<\/span><\/h3>\n<h3 style=\"text-align: center;\"><span style=\"font-size: 14pt; color: #ffffff;\">|<\/span><\/h3>\n<p style=\"text-align: center;\"><span style=\"font-size: 24px;\"><a href=\"https:\/\/www.la-academia-tango.net\/cms\/tango-tanzen-mit-rollentausch\/\" target=\"_blank\" rel=\"noopener\"><span style=\"color: #ff0000;\"><strong><span style=\"color: #ff0000;\"><span style=\"caret-color: #000000;\"><span style=\"color: #ff0000;\">\u00bb <\/span><\/span><\/span>\u201eWechselkurs 2:1\u201c<br \/>\n<span style=\"font-size: 14px;\">f\u00fcr fortgeschrittene T\u00e4nzer*Innen<\/span><\/strong><\/span><\/a><\/span><\/p>\n<p style=\"text-align: center;\"><strong><span style=\"font-size: 14pt;\">Dienstag<\/span><\/strong><br \/>\n20.30 \u2013 22.00 Uhr<\/p>\n<p style=\"text-align: center;\"><span style=\"font-size: 12pt; color: #808080;\"><a style=\"color: #808080;\" href=\"https:\/\/www.la-academia-tango.net\/cms\/kalender\/\">\u00bb\u00a0 Termine oben im Kalender<\/a><\/span><\/p>\n<p style=\"text-align: center;\">Doppelter Spa\u00df mit beiden Rollen<\/p>\n<p style=\"text-align: center;\">Wer in seiner Tanzrolle gern bleiben m\u00f6chte\u2026sicherlich gibt es T\u00e4nzerInnen, denen es in der anderen Rolle genauso geht. Deshalb scheut euch nicht, euch trotzdem \u00a0anzumelden.<\/p>\n<p style=\"text-align: center;\"><span style=\"font-size: 10pt; color: #808080;\"><a style=\"color: #808080;\" href=\"https:\/\/www.la-academia-tango.net\/cms\/tango-tanzen-mit-rollentausch\/\">\u00bb\u00a0mehr Infos zum Wechselkurs hier<\/a><\/span><\/p>\n<h3 style=\"text-align: center;\"><span style=\"font-size: 14pt; color: #ffffff;\">|<\/span><\/h3>\n<h3 style=\"text-align: center;\"><span style=\"font-size: 14pt; color: #ff0000;\">\u2022<\/span><\/h3>\n<h3 style=\"text-align: center;\"><span style=\"font-size: 14pt; color: #ffffff;\">|<\/span><\/h3>\n<p style=\"text-align: center;\"><a href=\"https:\/\/www.la-academia-tango.net\/cms\/praktika\/\" target=\"_blank\" rel=\"noopener\"><strong><span style=\"font-size: 18pt; color: #ff0000;\"><span style=\"color: #ff0000;\"><span style=\"caret-color: #000000;\">\u00bb <\/span><\/span>Praktika<\/span><\/strong><\/a><\/p>\n<p style=\"text-align: center;\"><span style=\"font-size: 16px;\">hin und wieder am<\/span><strong><span style=\"font-size: 14pt;\"> Donnerstag<\/span><\/strong><br \/>\nn\u00e4chster Termin 19. M\u00e4rz<br \/>\n19.30 &#8211; 21.00 Uhr<br \/>\nzuvor Schnupperstunde 18.30 &#8211; 19.30 Uhr<\/p>\n<p style=\"text-align: center;\"><span style=\"font-size: 12pt; color: #808080;\">\u00bb Termine oben im Kalender<\/span><\/p>\n<p style=\"text-align: center;\"><a href=\"https:\/\/www.la-academia-tango.net\/cms\/praktika\/\"><span style=\"color: #808080;\">\u00bb mehr Infos zur Praktika hier<\/span><\/a><\/p>\n<h3 style=\"text-align: center;\"><span style=\"font-size: 14pt; color: #ffffff;\">|<\/span><\/h3>\n<h3 style=\"text-align: center;\"><span style=\"font-size: 14pt; color: #ff0000;\">\u2022<\/span><\/h3>\n<h3 style=\"text-align: center;\"><span style=\"font-size: 14pt; color: #ffffff;\">|<\/span><\/h3>\n<p style=\"text-align: center;\"><span style=\"font-size: 10pt;\"><span style=\"font-size: 24px;\"><strong><span style=\"color: #ff0000;\"><span style=\"caret-color: #000000;\"><a style=\"color: #ff0000;\" href=\"https:\/\/www.la-academia-tango.net\/cms\/tango-im-kulturbahnhof-leisnig\/\" target=\"_blank\" rel=\"noopener\">\u00bbTangokurs im Kulturbahnhof Leisnig<\/a><\/span><\/span><\/strong><\/span><\/span><\/p>\n<p style=\"text-align: center;\"><a href=\"https:\/\/www.la-academia-tango.net\/cms\/kalender\/\"><span style=\"color: #808080;\"><span style=\"font-size: 10pt;\"><span style=\"font-size: 24px;\"><span style=\"font-size: 18px;\"><span style=\"caret-color: #000000;\">\u00bb\u00a0 meist montags\u00a0 -Termine im Kalender <\/span><\/span><\/span><\/span><\/span><\/a><strong><span style=\"color: #ff0000;\"><span style=\"caret-color: #000000;\"><span style=\"font-size: 18px;\"><span style=\"font-size: 19px; color: #333333;\"><a style=\"color: #333333;\" href=\"https:\/\/www.la-academia-tango.net\/cms\/kalender\/\"><span style=\"color: #808080;\"><br \/>\n<\/span><\/a><\/span><\/span><\/span><\/span><\/strong><span style=\"font-size: 10pt;\"><span style=\"font-size: 24px;\"><span style=\"color: #333333;\"><span style=\"caret-color: #000000;\"><span style=\"font-size: 18px;\">jeweils 19.00 &#8211; 21.00 Uhr <\/span><\/span><\/span><\/span><\/span><\/p>\n<p style=\"text-align: center;\"><span style=\"font-size: 14pt; color: #ffffff;\">|<\/span><\/p>\n<pre style=\"text-align: center;\"><span style=\"color: #ff0000; font-size: 20px;\">\u2022<\/span><\/pre>\n<p style=\"text-align: center;\"><span style=\"font-size: 14pt; color: #ffffff;\">|<\/span><\/p>\n<p>&nbsp;<\/p>\n<p style=\"text-align: center;\"><a href=\"https:\/\/www.la-academia-tango.net\/cms\/proitzer-muehle-tango-lab\/\" target=\"_blank\" rel=\"noopener\"><img loading=\"lazy\" decoding=\"async\" class=\"aligncenter wp-image-9685 size-medium\" src=\"https:\/\/www.la-academia-tango.net\/cms\/wp-content\/uploads\/Proitzer-Muehle-Flyer-211mm-x-100mm-1-1-300x141.jpg\" alt=\"\" width=\"300\" height=\"141\" srcset=\"https:\/\/www.la-academia-tango.net\/cms\/wp-content\/uploads\/Proitzer-Muehle-Flyer-211mm-x-100mm-1-1-300x141.jpg 300w, https:\/\/www.la-academia-tango.net\/cms\/wp-content\/uploads\/Proitzer-Muehle-Flyer-211mm-x-100mm-1-1-1024x483.jpg 1024w, https:\/\/www.la-academia-tango.net\/cms\/wp-content\/uploads\/Proitzer-Muehle-Flyer-211mm-x-100mm-1-1-768x362.jpg 768w, https:\/\/www.la-academia-tango.net\/cms\/wp-content\/uploads\/Proitzer-Muehle-Flyer-211mm-x-100mm-1-1-1536x724.jpg 1536w, https:\/\/www.la-academia-tango.net\/cms\/wp-content\/uploads\/Proitzer-Muehle-Flyer-211mm-x-100mm-1-1-370x174.jpg 370w, https:\/\/www.la-academia-tango.net\/cms\/wp-content\/uploads\/Proitzer-Muehle-Flyer-211mm-x-100mm-1-1-1040x490.jpg 1040w, https:\/\/www.la-academia-tango.net\/cms\/wp-content\/uploads\/Proitzer-Muehle-Flyer-211mm-x-100mm-1-1.jpg 2000w\" sizes=\"auto, (max-width: 300px) 100vw, 300px\" \/><\/a><\/p>\n<p style=\"text-align: center;\"><span style=\"font-size: 10pt;\"><span style=\"font-size: 24px;\"><a href=\"https:\/\/www.la-academia-tango.net\/cms\/proitzer-muehle-tango-lab\/\" target=\"_blank\" rel=\"noopener\"><strong><span style=\"color: #ff0000;\"><span style=\"caret-color: #000000;\">\u00bbTango Lab &amp; Tango united in der Proitzer M\u00fchle<\/span><\/span><\/strong><\/a><\/span><br \/>\nOrganisiert von Ines Moussavi\u00a0 &#8211; La Berlinesa &#8211; 3x im Jahr<br \/>\n<\/span><\/p>\n<p class=\"tribe-events-single-event-title summary entry-title fusion-responsive-typography-calculated\" style=\"text-align: center;\" data-fontsize=\"25.5\" data-lineheight=\"38.25px\"><span style=\"font-size: 12pt;\"><span style=\"font-size: 10pt; color: #ff0000;\"><strong><span style=\"caret-color: #000000;\">\u00bb mehr Infos und Anmeldung\u00a0 <\/span><\/strong><\/span><\/span><\/p>\n<p style=\"text-align: center;\"><span style=\"font-size: 14pt; color: #ffffff;\">|<\/span><\/p>\n<pre style=\"text-align: center;\"><span style=\"color: #ff0000; font-size: 20px;\">\u2022<\/span><\/pre>\n<p style=\"text-align: center;\"><span style=\"font-size: 14pt; color: #ffffff;\">|<\/span><\/p>\n<p style=\"text-align: center;\"><a href=\"https:\/\/www.la-academia-tango.net\/cms\/duo-asato-pais\/\" target=\"_blank\" rel=\"noopener\"><img loading=\"lazy\" decoding=\"async\" class=\"aligncenter wp-image-9586 size-medium\" src=\"https:\/\/www.la-academia-tango.net\/cms\/wp-content\/uploads\/Duo-Asato-Pais-1-300x140.jpg\" alt=\"\" width=\"300\" height=\"140\" srcset=\"https:\/\/www.la-academia-tango.net\/cms\/wp-content\/uploads\/Duo-Asato-Pais-1-300x140.jpg 300w, https:\/\/www.la-academia-tango.net\/cms\/wp-content\/uploads\/Duo-Asato-Pais-1-1024x478.jpg 1024w, https:\/\/www.la-academia-tango.net\/cms\/wp-content\/uploads\/Duo-Asato-Pais-1-768x358.jpg 768w, https:\/\/www.la-academia-tango.net\/cms\/wp-content\/uploads\/Duo-Asato-Pais-1-1536x716.jpg 1536w, https:\/\/www.la-academia-tango.net\/cms\/wp-content\/uploads\/Duo-Asato-Pais-1-370x173.jpg 370w, https:\/\/www.la-academia-tango.net\/cms\/wp-content\/uploads\/Duo-Asato-Pais-1-1040x485.jpg 1040w, https:\/\/www.la-academia-tango.net\/cms\/wp-content\/uploads\/Duo-Asato-Pais-1.jpg 2048w\" sizes=\"auto, (max-width: 300px) 100vw, 300px\" \/><\/a><\/p>\n<p>&nbsp;<\/p>\n<p><a href=\"https:\/\/www.la-academia-tango.net\/cms\/iron-tango\/\" target=\"_blank\" rel=\"noopener\"><img loading=\"lazy\" decoding=\"async\" class=\"prozent aligncenter wp-image-8025\" src=\"https:\/\/www.la-academia-tango.net\/cms\/wp-content\/uploads\/Vorderseite-4-CMYK-DIN-lang-Original-Silke-1024x483.jpg\" alt=\"\" width=\"300\" height=\"142\" \/><\/a><\/p>\n<p style=\"text-align: center;\"><span style=\"font-size: 14pt;\"><strong><span style=\"color: #ff0000;\"><span style=\"font-size: 24px;\"><a style=\"color: #ff0000;\" href=\"https:\/\/www.la-academia-tango.net\/cms\/iron-tango\/\" target=\"_blank\" rel=\"noopener\">\u00bb 10. IRON TANGO Dresden<\/a><\/span><br \/>\n<\/span><\/strong><\/span><\/p>\n<p style=\"text-align: center;\"><span style=\"font-size: 20px; color: #ff0000;\">20 Jahre La academia<\/span><\/p>\n<p style=\"text-align: center;\"><strong><span style=\"font-size: 20px; color: #ff0000;\"> &#x2665; Lasst uns feiern &#x2665; <\/span><\/strong><\/p>\n<p style=\"text-align: center;\"><span style=\"font-size: 18px;\">26. | 27.| 28. Juni 2026<br \/>\nPre-Milonga 25. Juni\u00a0 mit <span style=\"color: #ff0000;\"><strong>Duo Asato Pais<\/strong><\/span><\/span><\/p>\n<p>&nbsp;<\/p>\n<p style=\"text-align: center;\"><span style=\"font-size: 18px; color: #ffffff;\">.<\/span><\/p>\n<p style=\"text-align: center;\"><span style=\"font-size: 18px; color: #ffffff;\">.<\/span><\/p>\n<p><a href=\"https:\/\/www.la-academia-tango.net\/cms\/iron-tango-crete\/\" target=\"_blank\" rel=\"noopener\"><img loading=\"lazy\" decoding=\"async\" class=\"prozent aligncenter wp-image-7733 size-medium\" src=\"https:\/\/www.la-academia-tango.net\/cms\/wp-content\/uploads\/iron-tango-crete-1-vorder-flyer-300x141.jpg\" alt=\"\" width=\"300\" height=\"141\" \/><\/a><\/p>\n<p style=\"text-align: center;\"><span style=\"font-size: 14pt;\"><strong><span style=\"color: #ff0000;\"><span style=\"font-size: 24px;\"><a style=\"color: #ff0000;\" href=\"https:\/\/www.la-academia-tango.net\/cms\/iron-tango-crete\/\" target=\"_blank\" rel=\"noopener\">\u00bb IRON TANGO Crete<\/a><\/span><\/span><\/strong><\/span><\/p>\n<p style=\"text-align: center;\"><span style=\"font-size: 18px;\">05. &#8211; 12. September 2026<\/span><\/p>\n<p>&nbsp;<\/p>\n<p style=\"text-align: center;\"><span style=\"font-size: 14pt; color: #ffffff;\">|<\/span><\/p>\n<pre style=\"text-align: center;\"><span style=\"color: #ff0000; font-size: 20px;\">\u2022<\/span><\/pre>\n<p style=\"text-align: center;\"><span style=\"font-size: 14pt; color: #ffffff;\">|<\/span><\/p>\n<p style=\"text-align: center;\"><strong><span style=\"font-size: 18pt;\">\u00a0&#8230;auch interessant:<\/span><\/strong><\/p>\n<p style=\"text-align: center;\"><span style=\"color: #ff0000; font-size: 14pt;\"><a style=\"color: #ff0000;\" href=\"https:\/\/www.elcorte.com\/calendar\" target=\"_blank\" rel=\"noopener nofollow\"><span style=\"font-size: 14pt;\">\u00bb DJ Alex <\/span><\/a>\u00a0<\/span>zur international week\u00a0 &amp; SilvesterParty im El Corte Nimmegen<\/p>\n<p style=\"text-align: center;\"><span style=\"color: #ff0000; font-size: 14pt;\"><a style=\"color: #ff0000;\" href=\"https:\/\/www.elcorte.com\/calendar\" target=\"_blank\" rel=\"noopener nofollow\"><span style=\"font-size: 14pt;\">\u00bb TIT Schweden <\/span><\/a>\u00a0<\/span>im Juli 2026<\/p>\n<p style=\"text-align: center;\"><span style=\"color: #ff0000;\"><a style=\"color: #ff0000;\" href=\"https:\/\/flordefango.nl\/\" rel=\"nofollow noopener\" target=\"_blank\">\u00bbFlor de Tango in Arnheim \/ NL <\/a><\/span>\u00a0&#8230;es gibt Ideen \u00fcber\u00a0 einen Austausch \/ Projekte<\/p>\n<p>&nbsp;<\/p>\n<p style=\"text-align: center;\"><span style=\"font-size: 14pt; color: #ffffff;\">|<\/span><\/p>\n<pre style=\"text-align: center;\"><span style=\"color: #ff0000; font-size: 20px;\">\u2022<\/span><\/pre>\n<p style=\"text-align: center;\"><span style=\"font-size: 14pt; color: #ffffff;\">|<\/span><\/p>\n<p style=\"text-align: center;\"><span style=\"font-size: 18pt; color: #ff0000;\"><strong>Einzelunterricht allein, zu zweit oder in Kleingruppe\u00a0<\/strong><\/span><\/p>\n<p style=\"text-align: center;\">Du \u00a0m\u00f6chtest dein eigenes individuelles Tanzthema bearbeiten, intensiver lernen, erg\u00e4nzen oder an deiner Tanztechnik intensiv arbeiten oder du findest nicht die passende Kurszeit \u2013 dann kann Einzelunterricht dich oder euch im Paar zeitlich individuell vorw\u00e4rts bringen.\u00a0 Auch\u00a0 als Kleingruppe k\u00f6nnt ihre individuelle Termine buchen.<\/p>\n<p style=\"text-align: center;\"><span style=\"font-size: 14pt; color: #ffffff;\">|<\/span><\/p>\n<pre style=\"text-align: center;\"><span style=\"color: #ff0000; font-size: 20px;\">\u2022<\/span><\/pre>\n<p style=\"text-align: center;\"><span style=\"font-size: 14pt; color: #ffffff;\">|<\/span><\/p>\n<p><a href=\"https:\/\/www.la-academia-tango.net\/cms\/gutschein\/\"><img loading=\"lazy\" decoding=\"async\" class=\"prozent aligncenter wp-image-8218\" src=\"https:\/\/www.la-academia-tango.net\/cms\/wp-content\/uploads\/Flyer-Gutschein-verschenke-magische-Momente-1024x496.jpg\" alt=\"\" width=\"350\" height=\"169\" srcset=\"https:\/\/www.la-academia-tango.net\/cms\/wp-content\/uploads\/Flyer-Gutschein-verschenke-magische-Momente-1024x496.jpg 1024w, https:\/\/www.la-academia-tango.net\/cms\/wp-content\/uploads\/Flyer-Gutschein-verschenke-magische-Momente-300x145.jpg 300w, https:\/\/www.la-academia-tango.net\/cms\/wp-content\/uploads\/Flyer-Gutschein-verschenke-magische-Momente-768x372.jpg 768w, https:\/\/www.la-academia-tango.net\/cms\/wp-content\/uploads\/Flyer-Gutschein-verschenke-magische-Momente-1536x744.jpg 1536w, https:\/\/www.la-academia-tango.net\/cms\/wp-content\/uploads\/Flyer-Gutschein-verschenke-magische-Momente-2048x991.jpg 2048w, https:\/\/www.la-academia-tango.net\/cms\/wp-content\/uploads\/Flyer-Gutschein-verschenke-magische-Momente-370x179.jpg 370w, https:\/\/www.la-academia-tango.net\/cms\/wp-content\/uploads\/Flyer-Gutschein-verschenke-magische-Momente-1040x503.jpg 1040w\" sizes=\"auto, (max-width: 350px) 100vw, 350px\" \/><\/a><\/p>\n<p style=\"text-align: center;\"><span style=\"font-size: 22px;\"><a href=\"https:\/\/www.la-academia-tango.net\/cms\/gutschein\/\" target=\"_blank\" rel=\"noopener\"><span style=\"color: #ff0000;\"><strong>\u00bb Gutscheine<\/strong><\/span><\/a><\/span><\/p>\n<p style=\"text-align: center;\">Verschenke Spa\u00df, Freude, Leidenschaft, magische Momente und magische Energie, Verf\u00fchrerisches, tiefes Erleben, Sch\u00f6nheit, Ver\u00e4nderung, Bewegung und noch so viel mehr Wohlf\u00fchlen f\u00fcr die Seele.<\/p>\n<p style=\"text-align: center;\">Verschenke einen Gutschein f\u00fcr dich selbst oder an liebe Freunde.<\/p>\n<p style=\"text-align: center;\">Melde dich bei uns \u2013 wir gestalten dir gern einen individuellen Gutschein<br \/>\nf\u00fcr eine Einzelstunde<br \/>\noder<br \/>\neinen Kurs<br \/>\noder<br \/>\nein Event<br \/>\noder\u2026oder\u2026oder<\/p>\n<p style=\"text-align: center;\"><span style=\"font-size: 14pt; color: #ffffff;\">|<\/span><\/p>\n<pre style=\"text-align: center;\"><span style=\"color: #ff0000; font-size: 20px;\">\u2022<\/span><\/pre>\n<p style=\"text-align: center;\"><span style=\"font-size: 14pt; color: #ffffff;\">|<\/span><\/p>\n<h3 style=\"text-align: center;\"><\/h3>\n<p>&nbsp;<\/p>\n<p>&nbsp;<\/p>\n<p><a href=\"https:\/\/www.la-academia-tango.net\/cms\/kurse-und-workshops\/\"><img loading=\"lazy\" decoding=\"async\" class=\"aligncenter wp-image-9185 size-medium\" src=\"https:\/\/www.la-academia-tango.net\/cms\/wp-content\/uploads\/Tango-Kurse-300x141.jpg\" alt=\"\" width=\"300\" height=\"141\" \/><\/a><\/p>\n<p>&nbsp;<\/p>\n<p><img loading=\"lazy\" decoding=\"async\" class=\"prozent aligncenter wp-image-8842 size-medium\" src=\"https:\/\/www.la-academia-tango.net\/cms\/wp-content\/uploads\/Wechselkurs-1-300x141.jpg\" alt=\"\" width=\"300\" height=\"141\" srcset=\"https:\/\/www.la-academia-tango.net\/cms\/wp-content\/uploads\/Wechselkurs-1-300x141.jpg 300w, https:\/\/www.la-academia-tango.net\/cms\/wp-content\/uploads\/Wechselkurs-1-1024x483.jpg 1024w, https:\/\/www.la-academia-tango.net\/cms\/wp-content\/uploads\/Wechselkurs-1-768x362.jpg 768w, https:\/\/www.la-academia-tango.net\/cms\/wp-content\/uploads\/Wechselkurs-1-1536x724.jpg 1536w, https:\/\/www.la-academia-tango.net\/cms\/wp-content\/uploads\/Wechselkurs-1-370x174.jpg 370w, https:\/\/www.la-academia-tango.net\/cms\/wp-content\/uploads\/Wechselkurs-1-1040x490.jpg 1040w, https:\/\/www.la-academia-tango.net\/cms\/wp-content\/uploads\/Wechselkurs-1.jpg 2000w\" sizes=\"auto, (max-width: 300px) 100vw, 300px\" \/><\/p>\n<p><a href=\"https:\/\/www.la-academia-tango.net\/cms\/kalender\/\"><img loading=\"lazy\" decoding=\"async\" class=\"aligncenter wp-image-8016 size-medium\" src=\"https:\/\/www.la-academia-tango.net\/cms\/wp-content\/uploads\/Tango-Praline-1-300x140.jpg\" alt=\"\" width=\"300\" height=\"140\" \/><\/a><\/p>\n<p style=\"text-align: center;\"><span style=\"color: #ffffff;\">.<\/span><\/p>\n<p style=\"text-align: center;\"><a href=\"https:\/\/www.la-academia-tango.net\/cms\/iron-tango\/\" target=\"_blank\" rel=\"noopener\"><img loading=\"lazy\" decoding=\"async\" class=\"prozent aligncenter wp-image-8025\" src=\"https:\/\/www.la-academia-tango.net\/cms\/wp-content\/uploads\/Vorderseite-4-CMYK-DIN-lang-Original-Silke-1024x483.jpg\" alt=\"\" width=\"300\" height=\"142\" \/><\/a><\/p>\n<p style=\"text-align: center;\"><span style=\"color: #ffffff;\">.<\/span><\/p>\n<p style=\"text-align: center;\"><a href=\"https:\/\/www.la-academia-tango.net\/cms\/iron-tango-crete\/\"><br \/>\n<\/a><a href=\"https:\/\/www.la-academia-tango.net\/cms\/iron-tango-crete\/\" target=\"_blank\" rel=\"noopener\"><img loading=\"lazy\" decoding=\"async\" class=\"prozent aligncenter wp-image-7733 size-medium\" src=\"https:\/\/www.la-academia-tango.net\/cms\/wp-content\/uploads\/iron-tango-crete-1-vorder-flyer-300x141.jpg\" alt=\"\" width=\"300\" height=\"141\" \/><\/a><\/p>\n<p style=\"text-align: center;\"><span style=\"color: #ffffff;\">.<\/span><\/p>\n<p style=\"text-align: center;\"><span style=\"color: #ffffff;\">.<\/span><\/p>\n<p><a href=\"https:\/\/www.la-academia-tango.net\/cms\/gutschein\/\"><img loading=\"lazy\" decoding=\"async\" class=\"prozent aligncenter wp-image-8218 size-medium\" src=\"https:\/\/www.la-academia-tango.net\/cms\/wp-content\/uploads\/Flyer-Gutschein-verschenke-magische-Momente-300x145.jpg\" alt=\"\" width=\"300\" height=\"145\" srcset=\"https:\/\/www.la-academia-tango.net\/cms\/wp-content\/uploads\/Flyer-Gutschein-verschenke-magische-Momente-300x145.jpg 300w, https:\/\/www.la-academia-tango.net\/cms\/wp-content\/uploads\/Flyer-Gutschein-verschenke-magische-Momente-1024x496.jpg 1024w, https:\/\/www.la-academia-tango.net\/cms\/wp-content\/uploads\/Flyer-Gutschein-verschenke-magische-Momente-768x372.jpg 768w, https:\/\/www.la-academia-tango.net\/cms\/wp-content\/uploads\/Flyer-Gutschein-verschenke-magische-Momente-1536x744.jpg 1536w, https:\/\/www.la-academia-tango.net\/cms\/wp-content\/uploads\/Flyer-Gutschein-verschenke-magische-Momente-2048x991.jpg 2048w, https:\/\/www.la-academia-tango.net\/cms\/wp-content\/uploads\/Flyer-Gutschein-verschenke-magische-Momente-370x179.jpg 370w, https:\/\/www.la-academia-tango.net\/cms\/wp-content\/uploads\/Flyer-Gutschein-verschenke-magische-Momente-1040x503.jpg 1040w\" sizes=\"auto, (max-width: 300px) 100vw, 300px\" \/><\/a><\/p>\n<p>&nbsp;<\/p>\n<p><a href=\"https:\/\/www.la-academia-tango.net\/cms\/eric-jorissen-zu-gast\/\" target=\"_blank\" rel=\"noopener\"><img loading=\"lazy\" decoding=\"async\" class=\"aligncenter wp-image-9431 size-medium\" src=\"https:\/\/www.la-academia-tango.net\/cms\/wp-content\/uploads\/Eric-Jorissen-mit-qr-300x141.jpg\" alt=\"\" width=\"300\" height=\"141\" \/><\/a><\/p>\n<p style=\"text-align: center;\"><span style=\"color: #ffffff; font-size: 10pt;\">.\u00a0 .<\/span><\/p>\n<p style=\"text-align: center;\"><a href=\"https:\/\/www.la-academia-tango.net\/cms\/proitzer-muehle-tango-lab\/\" target=\"_blank\" rel=\"noopener\"><img loading=\"lazy\" decoding=\"async\" class=\"aligncenter wp-image-9685 size-medium\" src=\"https:\/\/www.la-academia-tango.net\/cms\/wp-content\/uploads\/Proitzer-Muehle-Flyer-211mm-x-100mm-1-1-300x141.jpg\" alt=\"\" width=\"300\" height=\"141\" srcset=\"https:\/\/www.la-academia-tango.net\/cms\/wp-content\/uploads\/Proitzer-Muehle-Flyer-211mm-x-100mm-1-1-300x141.jpg 300w, https:\/\/www.la-academia-tango.net\/cms\/wp-content\/uploads\/Proitzer-Muehle-Flyer-211mm-x-100mm-1-1-1024x483.jpg 1024w, https:\/\/www.la-academia-tango.net\/cms\/wp-content\/uploads\/Proitzer-Muehle-Flyer-211mm-x-100mm-1-1-768x362.jpg 768w, https:\/\/www.la-academia-tango.net\/cms\/wp-content\/uploads\/Proitzer-Muehle-Flyer-211mm-x-100mm-1-1-1536x724.jpg 1536w, https:\/\/www.la-academia-tango.net\/cms\/wp-content\/uploads\/Proitzer-Muehle-Flyer-211mm-x-100mm-1-1-370x174.jpg 370w, https:\/\/www.la-academia-tango.net\/cms\/wp-content\/uploads\/Proitzer-Muehle-Flyer-211mm-x-100mm-1-1-1040x490.jpg 1040w, https:\/\/www.la-academia-tango.net\/cms\/wp-content\/uploads\/Proitzer-Muehle-Flyer-211mm-x-100mm-1-1.jpg 2000w\" sizes=\"auto, (max-width: 300px) 100vw, 300px\" \/><\/a><\/p>\n<p style=\"text-align: center;\"><span style=\"color: #ffffff;\">.<\/span><span style=\"color: #ffffff;\">.<\/span><\/p>\n<p><a href=\"https:\/\/www.la-academia-tango.net\/cms\/neo\/\"><img loading=\"lazy\" decoding=\"async\" class=\"prozent aligncenter wp-image-9066 size-medium\" src=\"https:\/\/www.la-academia-tango.net\/cms\/wp-content\/uploads\/Neolonga-Flyer-Website-300x142.jpg\" alt=\"\" width=\"300\" height=\"142\" \/><\/a><\/p>\n<p><a href=\"https:\/\/www.la-academia-tango.net\/cms\/ruth-carsta\/\"><img loading=\"lazy\" decoding=\"async\" class=\"prozent aligncenter wp-image-7750 size-medium\" src=\"https:\/\/www.la-academia-tango.net\/cms\/wp-content\/uploads\/Flyer-Ruth-Carsta-3-300x141.jpg\" alt=\"\" width=\"300\" height=\"141\" \/><\/a><\/p>\n<p>&nbsp;<\/p>\n<p style=\"text-align: center;\"><span style=\"color: #ffffff;\">..<\/span><a href=\"https:\/\/www.la-academia-tango.net\/cms\/kalender\/\"><img loading=\"lazy\" decoding=\"async\" class=\"prozent aligncenter wp-image-7317\" src=\"https:\/\/www.la-academia-tango.net\/cms\/wp-content\/uploads\/Kalender-Webseite3-300x119.jpg\" alt=\"\" width=\"350\" height=\"139\" \/><\/a><\/p>\n<p style=\"text-align: center;\"><span style=\"color: #ffffff;\">..<\/span><\/p>\n<p style=\"text-align: center;\"><span style=\"color: #ffffff;\">.<\/span><\/p>\n<pre style=\"text-align: center;\"><span style=\"color: #000000; font-size: 14px;\"><a style=\"color: #000000;\" href=\"https:\/\/www.la-academia-tango.net\/cms\/kalender\/\">\u00bb Link zum Terminkalender La academia f\u00fcr alle Kurse &amp; Events<\/a><\/span><\/pre>\n<p style=\"text-align: center;\"><span style=\"color: #ffffff;\">.<\/span><\/p>\n<p style=\"text-align: center;\"><span style=\"color: #ffffff;\">.<\/span><\/p>\n<p style=\"text-align: center;\"><img loading=\"lazy\" decoding=\"async\" class=\"wp-image-4402 aligncenter\" src=\"https:\/\/www.la-academia-tango.net\/cms\/wp-content\/uploads\/La-academia-claim_1-Kopie.jpg\" alt=\"\" width=\"277\" height=\"82\" srcset=\"https:\/\/www.la-academia-tango.net\/cms\/wp-content\/uploads\/La-academia-claim_1-Kopie.jpg 2283w, https:\/\/www.la-academia-tango.net\/cms\/wp-content\/uploads\/La-academia-claim_1-Kopie-300x89.jpg 300w, https:\/\/www.la-academia-tango.net\/cms\/wp-content\/uploads\/La-academia-claim_1-Kopie-768x227.jpg 768w, https:\/\/www.la-academia-tango.net\/cms\/wp-content\/uploads\/La-academia-claim_1-Kopie-1024x303.jpg 1024w\" sizes=\"auto, (max-width: 277px) 100vw, 277px\" \/><\/p>\n<p style=\"text-align: center;\"><span style=\"color: #000000;\">La academia<br \/>\nCarsta &amp; Alexander Mock<br \/>\nAltleubnitz 11<br \/>\n01219 Dresden<br \/>\n+49 (0) 172 \/ 363 57 42<br \/>\n<span style=\"color: #800000;\"><a style=\"color: #800000;\" href=\"https:\/\/www.la-academia-tango.net\/cms\/\">www.la-academia-tango-dresden.de<\/a><\/span><\/span><\/p>\n<p style=\"text-align: center;\"><span style=\"color: #ffffff;\">.<a href=\"https:\/\/www.facebook.com\/La-academia-Tango-Dresden-343034042807253\/?epa=SEARCH_BOX\" target=\"_blank\" rel=\"noopener noreferrer nofollow\"><img loading=\"lazy\" decoding=\"async\" class=\"alignnone wp-image-2328 aligncenter\" src=\"https:\/\/www.la-academia-tango.net\/cms\/wp-content\/uploads\/fb-.jpg\" alt=\"\" width=\"24\" height=\"24\" \/><\/a><\/span><\/p>\n<p style=\"text-align: center;\"><span style=\"color: #ffffff;\"><img loading=\"lazy\" decoding=\"async\" class=\"wp-image-4275 aligncenter\" src=\"https:\/\/www.la-academia-tango.net\/cms\/wp-content\/uploads\/Werbung-Schnirkel-klein2.png\" alt=\"\" width=\"287\" height=\"43\" srcset=\"https:\/\/www.la-academia-tango.net\/cms\/wp-content\/uploads\/Werbung-Schnirkel-klein2.png 962w, https:\/\/www.la-academia-tango.net\/cms\/wp-content\/uploads\/Werbung-Schnirkel-klein2-300x45.png 300w, https:\/\/www.la-academia-tango.net\/cms\/wp-content\/uploads\/Werbung-Schnirkel-klein2-768x116.png 768w\" sizes=\"auto, (max-width: 287px) 100vw, 287px\" \/><br \/>\n.<\/span><\/p>\n<p>&nbsp;<\/p>\n<p style=\"text-align: center;\"><span style=\"color: #ffffff;\">.<\/span><\/p>\n<pre style=\"text-align: center;\"><a style=\"color: #ff0000;\" href=\"http:\/\/www.la-academia-tango.net\/cms\/newsletter-anmeldung\/\" target=\"_blank\" rel=\"noopener noreferrer\">\u00bb Newsletter abonnieren<\/a><\/pre>\n<pre style=\"text-align: center;\"><span style=\"color: #ff0000;\"><a style=\"color: #ff0000;\" href=\"https:\/\/www.la-academia-tango.net\/cms\/keinen-newsletter-mehr\/\" target=\"_blank\" rel=\"noopener noreferrer\">\u00bb Newsletter abbestellen <\/a>\r\n<\/span><\/pre>\n<p>&nbsp;<\/p>\n","protected":false},"excerpt":{"rendered":"<p>Liebe Tango! Freunde Wir laden euch herzlich ein &#8211; hier habt ihr einen \u00dcberblick \u00fcber alle Aktivit\u00e4ten bei oder mit uns: Kurs-\/Veranstaltungsort &#8211; wenn ausw\u00e4rts, dann ist der Ort verlinkt, sonst\u00a0 in \u00bbLa academia Kurse[&#8230;]<\/p>\n","protected":false},"author":2,"featured_media":0,"parent":0,"menu_order":0,"comment_status":"closed","ping_status":"closed","template":"","meta":{"footnotes":""},"class_list":["post-7443","page","type-page","status-publish","hentry"],"_links":{"self":[{"href":"https:\/\/www.la-academia-tango.net\/cms\/wp-json\/wp\/v2\/pages\/7443","targetHints":{"allow":["GET"]}}],"collection":[{"href":"https:\/\/www.la-academia-tango.net\/cms\/wp-json\/wp\/v2\/pages"}],"about":[{"href":"https:\/\/www.la-academia-tango.net\/cms\/wp-json\/wp\/v2\/types\/page"}],"author":[{"embeddable":true,"href":"https:\/\/www.la-academia-tango.net\/cms\/wp-json\/wp\/v2\/users\/2"}],"replies":[{"embeddable":true,"href":"https:\/\/www.la-academia-tango.net\/cms\/wp-json\/wp\/v2\/comments?post=7443"}],"version-history":[{"count":393,"href":"https:\/\/www.la-academia-tango.net\/cms\/wp-json\/wp\/v2\/pages\/7443\/revisions"}],"predecessor-version":[{"id":7449,"href":"https:\/\/www.la-academia-tango.net\/cms\/wp-json\/wp\/v2\/pages\/7443\/revisions\/7449"}],"wp:attachment":[{"href":"https:\/\/www.la-academia-tango.net\/cms\/wp-json\/wp\/v2\/media?parent=7443"}],"curies":[{"name":"wp","href":"https:\/\/api.w.org\/{rel}","templated":true}]}}