{"id":344,"date":"2011-09-23T14:08:32","date_gmt":"2011-09-23T13:08:32","guid":{"rendered":"http:\/\/www.la-academia-tango.net\/cms\/?page_id=344"},"modified":"2026-01-02T23:29:09","modified_gmt":"2026-01-02T22:29:09","slug":"veranstaltungen","status":"publish","type":"page","link":"https:\/\/www.la-academia-tango.net\/cms\/veranstaltungen\/","title":{"rendered":"Veranstaltungen im \u00dcberblick"},"content":{"rendered":"<p style=\"text-align: left;\"><span style=\"font-size: 12pt;\"><strong><span style=\"color: #000000;\">Liebe Tan<\/span><span style=\"color: #ff0000;\">g<\/span><span style=\"color: #000000;\">o<\/span><span style=\"color: #ff0000;\">! Freunde<\/span><\/strong><\/span><\/p>\n<p style=\"text-align: left;\"><span style=\"color: #333333; font-size: 12pt;\">Wir laden euch herzlich ein &#8211; hier habt ihr einen \u00dcberblick \u00fcber alle Aktivit\u00e4ten bei oder mit uns.\u00a0 <\/span><\/p>\n<p><iframe loading=\"lazy\" style=\"border: solid 1px #777;\" src=\"https:\/\/calendar.google.com\/calendar\/embed?height=600&amp;wkst=2&amp;ctz=Europe%2FBerlin&amp;showPrint=0&amp;showCalendars=0&amp;showTitle=0&amp;showTabs=0&amp;src=bGFhY2FkZW1pYXRhbmdvZHJlc2RlbkBnbWFpbC5jb20&amp;src=ZGUuZ2VybWFuI2hvbGlkYXlAZ3JvdXAudi5jYWxlbmRhci5nb29nbGUuY29t&amp;color=%23ad1457&amp;color=%232dec18\" width=\"1400\" height=\"600\" frameborder=\"0\" scrolling=\"no\"><\/iframe><\/p>\n<p><span style=\"color: #333333; font-size: 30px;\">Veranstaltungen sind farblich hinterlegt<\/span><\/p>\n<p><span style=\"color: #333333;\">Kurse findest du als Zeiteintrag im Kalender <\/span><\/p>\n<p>&nbsp;<\/p>\n<ul>\n<li><span style=\"color: #333333;\">Kurs-\/Veranstaltungsort &#8211; wenn ausw\u00e4rts, dann ist der Ort verlinkt, sonst\u00a0 in <a style=\"color: #333333;\" href=\"https:\/\/www.la-academia-tango.net\/cms\/kontakt\/\">\u00bbLa academia<\/a> <\/span><\/li>\n<li><span style=\"color: #333333;\">Kurse und Events sind immer nur f\u00fcr eine bestimmte Zeit im Voraus eingetragen und k\u00f6nnen sich \u00e4ndern &#8211; seht regelm\u00e4\u00dfig nach\u00a0<\/span><\/li>\n<li><span style=\"color: #333333;\"> Kurzfristige \u00c4nderungen seht ihr im Kalender<\/span><\/li>\n<\/ul>\n<p>&nbsp;<\/p>\n<p style=\"text-align: center;\"><span style=\"font-size: 14px;\"><a href=\"https:\/\/www.la-academia-tango.net\/cms\/kalender\/\"><span style=\"color: #ff0000;\">\u00bb Komplett\u00fcbersicht \u00fcber Termine und Zeiten mit Kurzinfos\u00a0<\/span><\/a><\/span><\/p>\n<h3 style=\"text-align: center;\"><span style=\"color: #ffffff;\"><span style=\"font-size: 18pt;\">|<\/span><\/span><\/h3>\n<p style=\"text-align: center;\"><span style=\"color: #ff0000; font-size: 14px;\"><a style=\"color: #ff0000;\" href=\"https:\/\/www.la-academia-tango.net\/cms\/kalender\/\"><strong><span style=\"caret-color: #000000;\">\u00bb TangoPralin\u00e9<\/span><\/strong><\/a><\/span><\/p>\n<p style=\"text-align: center;\"><span style=\"color: #ff0000; font-size: 14px;\"><a style=\"color: #ff0000;\" href=\"https:\/\/www.la-academia-tango.net\/cms\/kalender\/\"><strong><span style=\"caret-color: #000000;\">\u00bb Milongas,<\/span><\/strong><\/a><\/span><\/p>\n<p style=\"text-align: center;\"><a href=\"https:\/\/www.la-academia-tango.net\/cms\/cuarteto-mulenga\/\"><span style=\"color: #ff0000; font-size: 14px;\"><strong><span style=\"caret-color: #000000;\">\u00bb Cuarteto Mulenga Live zur Milonga<\/span><\/strong><\/span><\/a><\/p>\n<p style=\"text-align: center;\"><a href=\"https:\/\/www.la-academia-tango.net\/cms\/cuarteto-mulenga\/\"><span style=\"color: #ff0000; font-size: 14px;\"><strong><span style=\"caret-color: #000000;\">\u00bb Entre Mundos Live zur Milonga<\/span><\/strong><\/span><\/a><\/p>\n<p style=\"text-align: center;\"><span style=\"color: #ff0000; font-size: 14px;\"><a style=\"color: #ff0000;\" href=\"https:\/\/www.la-academia-tango.net\/cms\/neo\/\"><strong><span style=\"caret-color: #000000;\">\u00bb Neolonga, <\/span><\/strong><\/a><\/span><\/p>\n<p style=\"text-align: center;\"><span style=\"color: #ff0000; font-size: 14px;\"><a style=\"color: #ff0000;\" href=\"https:\/\/www.la-academia-tango.net\/cms\/kalender\/\"><strong><span style=\"caret-color: #000000;\">\u00bb Tango Caf\u00e9s, <\/span><\/strong><\/a><\/span><\/p>\n<p style=\"text-align: center;\"><span style=\"font-size: 14px; color: #ff0000;\"><strong><span style=\"caret-color: #000000;\"><a style=\"color: #ff0000;\" href=\"https:\/\/www.la-academia-tango.net\/cms\/kalender\/\">\u00bb Sommer Tango<\/a>, <\/span><\/strong><\/span><\/p>\n<p style=\"text-align: center;\"><span style=\"color: #ff0000; font-size: 14px;\"><a style=\"color: #ff0000;\" href=\"https:\/\/www.la-academia-tango.net\/cms\/tango-im-kulturbahnhof-leisnig\/\"><strong><span style=\"caret-color: #000000;\">\u00bb Milonga im Kulturbahnhof Leisnig<\/span><\/strong><\/a><\/span><\/p>\n<p style=\"text-align: center;\"><span style=\"color: #ff0000; font-size: 14px;\"><a style=\"color: #ff0000;\" href=\"https:\/\/www.la-academia-tango.net\/cms\/iron-tango\/\"><strong><span style=\"caret-color: #000000;\">\u00bb Duo Asato Pais Live zur Milonga\u00a0<\/span><\/strong><\/a><\/span><\/p>\n<p style=\"text-align: center;\"><span style=\"color: #ff0000; font-size: 14px;\"><a style=\"color: #ff0000;\" href=\"https:\/\/www.la-academia-tango.net\/cms\/iron-tango\/\"><strong><span style=\"caret-color: #000000;\">\u00bb IRON TANGO Dresden\u00a0<\/span><\/strong><\/a><\/span><\/p>\n<p style=\"text-align: center;\"><span style=\"color: #ff0000; font-size: 14px;\"><a style=\"color: #ff0000;\" href=\"https:\/\/www.la-academia-tango.net\/cms\/iron-tango-crete\/\"><strong><span style=\"caret-color: #000000;\">\u00bb IRON TANGO\u00a0 Kreta<\/span><\/strong><\/a><\/span><\/p>\n<p style=\"text-align: center;\"><span style=\"font-size: 14px; color: #ff0000;\"><strong><span style=\"caret-color: #000000;\">und und und<\/span><\/strong><\/span><\/p>\n<h3 style=\"text-align: center;\"><span style=\"color: #ffffff; font-size: 14px;\">|||<\/span><\/h3>\n<h3 style=\"text-align: center;\"><span style=\"font-size: 14px;\"><a href=\"https:\/\/www.la-academia-tango.net\/cms\/kalender\/\"><span style=\"color: #ff0000;\">\u00bb Termine und Zeiten\u00a0<\/span><\/a><\/span><\/h3>\n<p style=\"text-align: center;\"><span style=\"color: #ffffff; font-size: 14px;\"><strong>.<\/strong><\/span><\/p>\n<h2 style=\"text-align: center;\"><span style=\"font-size: 14px;\"><a href=\"https:\/\/www.la-academia-tango.net\/cms\/kalender\/\"><span style=\"color: #ff0000;\">\u00bb Terminkalender La academia<\/span><\/a><\/span><\/h2>\n<p style=\"text-align: center;\"><span style=\"color: #ffffff; font-size: 14px;\">.Ter<\/span><\/p>\n<p>&nbsp;<\/p>\n<p>Veranstaltungskalender regional und \u00fcberregional<\/p>\n<p><a href=\"http:\/\/www.dresden-tango.de\" rel=\"nofollow noopener\" target=\"_blank\"><span style=\"color: #ad0536;\">\u00bb Tangokalender Dresden<\/span><\/a><\/p>\n<p><span style=\"color: #ad0536;\"><a style=\"color: #ad0536;\" href=\"http:\/\/www.tangodanza.de\/\" target=\"_blank\" rel=\"noopener noreferrer nofollow\">\u00bb Tangodanza<\/a><\/span><\/p>\n<p><span style=\"color: #ad0536;\"><a style=\"color: #ad0536;\" title=\"Wegbeschreibung \/ Anfahrt La academia Tango argentino in Dresden\" href=\"http:\/\/www.la-academia-tango.net\/cms\/kontakt\" target=\"_self\" rel=\"noopener noreferrer\">\u00bb Anfahrt \/ Wegbeschreibung<\/a><\/span><\/p>\n<p style=\"text-align: center;\"><span style=\"font-size: 8pt; color: #ffffff;\">.<\/span><\/p>\n<p>&nbsp;<\/p>\n<p style=\"text-align: center;\"><span style=\"color: #ffffff;\">.<\/span><\/p>\n<p>&nbsp;<\/p>\n<p style=\"text-align: center;\"><span style=\"color: #ffffff;\">.<a href=\"https:\/\/www.la-academia-tango.net\/cms\/kalender\/\"><img loading=\"lazy\" decoding=\"async\" class=\"prozent aligncenter wp-image-8016 size-medium\" src=\"https:\/\/www.la-academia-tango.net\/cms\/wp-content\/uploads\/Tango-Praline-1-300x140.jpg\" alt=\"\" width=\"300\" height=\"140\" \/><\/a> <\/span><\/p>\n<p><img loading=\"lazy\" decoding=\"async\" class=\"aligncenter wp-image-9610 size-medium\" src=\"https:\/\/www.la-academia-tango.net\/cms\/wp-content\/uploads\/Mulenga-300x140.jpg\" alt=\"\" width=\"300\" height=\"140\" \/><\/p>\n<p>&nbsp;<\/p>\n<p style=\"text-align: center;\"><img loading=\"lazy\" decoding=\"async\" class=\"aligncenter wp-image-9618 size-medium\" src=\"https:\/\/www.la-academia-tango.net\/cms\/wp-content\/uploads\/Entre-Mundos-300x140.jpg\" alt=\"\" width=\"300\" height=\"140\" srcset=\"https:\/\/www.la-academia-tango.net\/cms\/wp-content\/uploads\/Entre-Mundos-300x140.jpg 300w, https:\/\/www.la-academia-tango.net\/cms\/wp-content\/uploads\/Entre-Mundos-1024x478.jpg 1024w, https:\/\/www.la-academia-tango.net\/cms\/wp-content\/uploads\/Entre-Mundos-768x358.jpg 768w, https:\/\/www.la-academia-tango.net\/cms\/wp-content\/uploads\/Entre-Mundos-1536x717.jpg 1536w, https:\/\/www.la-academia-tango.net\/cms\/wp-content\/uploads\/Entre-Mundos-370x173.jpg 370w, https:\/\/www.la-academia-tango.net\/cms\/wp-content\/uploads\/Entre-Mundos-1040x485.jpg 1040w, https:\/\/www.la-academia-tango.net\/cms\/wp-content\/uploads\/Entre-Mundos.jpg 2000w\" sizes=\"auto, (max-width: 300px) 100vw, 300px\" \/><\/p>\n<p><img loading=\"lazy\" decoding=\"async\" class=\"aligncenter wp-image-9586 size-medium\" src=\"https:\/\/www.la-academia-tango.net\/cms\/wp-content\/uploads\/Duo-Asato-Pais-1-300x140.jpg\" alt=\"\" width=\"300\" height=\"140\" srcset=\"https:\/\/www.la-academia-tango.net\/cms\/wp-content\/uploads\/Duo-Asato-Pais-1-300x140.jpg 300w, https:\/\/www.la-academia-tango.net\/cms\/wp-content\/uploads\/Duo-Asato-Pais-1-1024x478.jpg 1024w, https:\/\/www.la-academia-tango.net\/cms\/wp-content\/uploads\/Duo-Asato-Pais-1-768x358.jpg 768w, https:\/\/www.la-academia-tango.net\/cms\/wp-content\/uploads\/Duo-Asato-Pais-1-1536x716.jpg 1536w, https:\/\/www.la-academia-tango.net\/cms\/wp-content\/uploads\/Duo-Asato-Pais-1-370x173.jpg 370w, https:\/\/www.la-academia-tango.net\/cms\/wp-content\/uploads\/Duo-Asato-Pais-1-1040x485.jpg 1040w, https:\/\/www.la-academia-tango.net\/cms\/wp-content\/uploads\/Duo-Asato-Pais-1.jpg 2048w\" sizes=\"auto, (max-width: 300px) 100vw, 300px\" \/><\/p>\n<p style=\"text-align: center;\"><span style=\"color: #ffffff;\"><a href=\"https:\/\/www.la-academia-tango.net\/cms\/iron-tango\/\"><img loading=\"lazy\" decoding=\"async\" class=\"prozent aligncenter wp-image-8025\" src=\"https:\/\/www.la-academia-tango.net\/cms\/wp-content\/uploads\/Vorderseite-4-CMYK-DIN-lang-Original-Silke.jpg\" alt=\"\" width=\"297\" height=\"140\" \/><\/a>.<\/span><\/p>\n<p><a href=\"https:\/\/www.la-academia-tango.net\/cms\/iron-tango-crete\/\"><img loading=\"lazy\" decoding=\"async\" class=\"prozent aligncenter wp-image-7733 size-medium\" src=\"https:\/\/www.la-academia-tango.net\/cms\/wp-content\/uploads\/iron-tango-crete-1-vorder-flyer-300x141.jpg\" alt=\"\" width=\"300\" height=\"141\" \/><\/a><span style=\"color: #ffffff;\"> .\u00a0<\/span><\/p>\n<p><a href=\"https:\/\/www.la-academia-tango.net\/cms\/neo\/\"><img loading=\"lazy\" decoding=\"async\" class=\"prozent aligncenter wp-image-9066 size-medium\" src=\"https:\/\/www.la-academia-tango.net\/cms\/wp-content\/uploads\/Neolonga-Flyer-Website-300x142.jpg\" alt=\"\" width=\"300\" height=\"142\" \/><\/a><\/p>\n<p style=\"text-align: center;\"><a href=\"https:\/\/www.la-academia-tango.net\/cms\/tango-im-kulturbahnhof-leisnig\/\"><img loading=\"lazy\" decoding=\"async\" class=\"prozent aligncenter wp-image-9176 size-medium\" src=\"https:\/\/www.la-academia-tango.net\/cms\/wp-content\/uploads\/Bahnhofsmilonga-4-300x141.jpg\" alt=\"\" width=\"300\" height=\"141\" \/><\/a><\/p>\n<p>&nbsp;<\/p>\n<p style=\"text-align: center;\"><span style=\"color: #ffffff;\">..<\/span><\/p>\n<p>&nbsp;<\/p>\n<p>.<\/p>\n<p style=\"text-align: center;\"><span style=\"color: #ffffff;\">.<\/span><\/p>\n<p><a href=\"https:\/\/www.la-academia-tango.net\/cms\/kalender\/\"><img loading=\"lazy\" decoding=\"async\" class=\"prozent aligncenter wp-image-7317\" src=\"https:\/\/www.la-academia-tango.net\/cms\/wp-content\/uploads\/Kalender-Webseite3-scaled.jpg\" alt=\"\" width=\"500\" height=\"198\" \/><\/a><\/p>\n<p>&nbsp;<\/p>\n<div class=\"line-red\" style=\"text-align: center;\"><\/div>\n<pre style=\"text-align: center;\"><span style=\"color: #ff0000;\"><a style=\"color: #ff0000;\" href=\"https:\/\/www.la-academia-tango.net\/cms\/newsletter-anmeldung\/\">\u00bb Wer vorzeitig per Mail \u00fcber Termine, Veranstaltungen... informiert werden m\u00f6chte, klickt bi<\/a>tte \u00a0hier<\/span><\/pre>\n<address>\u00a0<\/address>\n<p>&nbsp;<\/p>\n<pre style=\"text-align: center;\"><span style=\"color: #ff0000;\"><a style=\"color: #ff0000;\" href=\"https:\/\/www.la-academia-tango.net\/cms\/keinen-newsletter-mehr\/\">\u00bb Hier kannst du den Newsletter abbestellen<\/a><\/span><\/pre>\n<p style=\"text-align: center;\"><span style=\"color: #ffffff;\">.<\/span><\/p>\n<p style=\"text-align: center;\"><span style=\"color: #ffffff;\">.<\/span><\/p>\n<p>&nbsp;<\/p>\n<h4 style=\"text-align: center;\"><span style=\"color: #ff0000;\"><img loading=\"lazy\" decoding=\"async\" class=\"wp-image-4275 aligncenter\" src=\"https:\/\/www.la-academia-tango.net\/cms\/wp-content\/uploads\/Werbung-Schnirkel-klein2.png\" alt=\"\" width=\"219\" height=\"33\" srcset=\"https:\/\/www.la-academia-tango.net\/cms\/wp-content\/uploads\/Werbung-Schnirkel-klein2.png 962w, https:\/\/www.la-academia-tango.net\/cms\/wp-content\/uploads\/Werbung-Schnirkel-klein2-300x45.png 300w, https:\/\/www.la-academia-tango.net\/cms\/wp-content\/uploads\/Werbung-Schnirkel-klein2-768x116.png 768w\" sizes=\"auto, (max-width: 219px) 100vw, 219px\" \/><\/span><\/h4>\n<p style=\"text-align: center;\"><span style=\"color: #ffffff;\"><br \/>\n.<\/span><\/p>\n<p>&nbsp;<\/p>\n<p style=\"text-align: center;\"><span style=\"color: #ffffff;\">.<\/span><\/p>\n<p>&nbsp;<\/p>\n<p style=\"text-align: center;\"><span style=\"color: #ffffff;\">.<\/span><\/p>\n<p>&nbsp;<\/p>\n<p style=\"text-align: center;\"><span style=\"color: #ffffff;\">.<\/span><\/p>\n<p>&nbsp;<\/p>\n<p style=\"text-align: center;\"><span style=\"color: #ffffff;\">.<\/span><\/p>\n<p>&nbsp;<\/p>\n<p>&nbsp;<\/p>\n<p>&nbsp;<\/p>\n","protected":false},"excerpt":{"rendered":"<p>Liebe Tango! Freunde Wir laden euch herzlich ein &#8211; hier habt ihr einen \u00dcberblick \u00fcber alle Aktivit\u00e4ten bei oder mit uns.\u00a0 Veranstaltungen sind farblich hinterlegt Kurse findest du als Zeiteintrag im Kalender &nbsp; Kurs-\/Veranstaltungsort &#8211;[&#8230;]<\/p>\n","protected":false},"author":2,"featured_media":0,"parent":0,"menu_order":8,"comment_status":"closed","ping_status":"closed","template":"","meta":{"footnotes":""},"class_list":["post-344","page","type-page","status-publish","hentry"],"_links":{"self":[{"href":"https:\/\/www.la-academia-tango.net\/cms\/wp-json\/wp\/v2\/pages\/344","targetHints":{"allow":["GET"]}}],"collection":[{"href":"https:\/\/www.la-academia-tango.net\/cms\/wp-json\/wp\/v2\/pages"}],"about":[{"href":"https:\/\/www.la-academia-tango.net\/cms\/wp-json\/wp\/v2\/types\/page"}],"author":[{"embeddable":true,"href":"https:\/\/www.la-academia-tango.net\/cms\/wp-json\/wp\/v2\/users\/2"}],"replies":[{"embeddable":true,"href":"https:\/\/www.la-academia-tango.net\/cms\/wp-json\/wp\/v2\/comments?post=344"}],"version-history":[{"count":819,"href":"https:\/\/www.la-academia-tango.net\/cms\/wp-json\/wp\/v2\/pages\/344\/revisions"}],"predecessor-version":[{"id":9696,"href":"https:\/\/www.la-academia-tango.net\/cms\/wp-json\/wp\/v2\/pages\/344\/revisions\/9696"}],"wp:attachment":[{"href":"https:\/\/www.la-academia-tango.net\/cms\/wp-json\/wp\/v2\/media?parent=344"}],"curies":[{"name":"wp","href":"https:\/\/api.w.org\/{rel}","templated":true}]}}