{"id":2835,"date":"2016-12-15T00:08:30","date_gmt":"2016-12-14T23:08:30","guid":{"rendered":"http:\/\/www.la-academia-tango.net\/cms\/?page_id=2835"},"modified":"2019-04-12T17:32:09","modified_gmt":"2019-04-12T16:32:09","slug":"delphine-grenier-ausstellung","status":"publish","type":"page","link":"https:\/\/www.la-academia-tango.net\/cms\/delphine-grenier-ausstellung\/","title":{"rendered":"Delphine Grenier Ausstellung"},"content":{"rendered":"<h4 style=\"text-align: center;\"><strong>&#8222;Zootango&#8220;<\/strong><\/h4>\n<h4 style=\"text-align: center;\"><strong><span style=\"color: #ff0000;\">Delphine Grenier (Paris)<\/span><\/strong><\/h4>\n<p style=\"text-align: center;\"><span style=\"color: #000000;\">Zeichnungen und Drucke<\/span><\/p>\n<p style=\"text-align: center;\"><span style=\"color: #000000;\">Ausstellung in La academia<\/span><\/p>\n<p style=\"text-align: center;\"><span style=\"color: #000000;\">&#8222;Tanzen, Modellieren, Malen und Schreiben \u00fcber den Tango bereitet mit nicht nur ein Vergn\u00fcgen, sondern ist auch eine Art, meine imagin\u00e4ren Wurzeln zu erobern&#8230;&#8220;<\/span><\/p>\n<p style=\"text-align: center;\"><img loading=\"lazy\" decoding=\"async\" class=\"prozent alignleft wp-image-4190 size-full\" src=\"http:\/\/www.la-academia-tango.net\/cms\/wp-content\/uploads\/Flyer-A4-Delphine-Grenier-Paris-Ausstellung-La-academia-Tango-Dresden-1.jpg\" alt=\"\" width=\"3507\" height=\"2480\" srcset=\"https:\/\/www.la-academia-tango.net\/cms\/wp-content\/uploads\/Flyer-A4-Delphine-Grenier-Paris-Ausstellung-La-academia-Tango-Dresden-1.jpg 3507w, https:\/\/www.la-academia-tango.net\/cms\/wp-content\/uploads\/Flyer-A4-Delphine-Grenier-Paris-Ausstellung-La-academia-Tango-Dresden-1-300x212.jpg 300w, https:\/\/www.la-academia-tango.net\/cms\/wp-content\/uploads\/Flyer-A4-Delphine-Grenier-Paris-Ausstellung-La-academia-Tango-Dresden-1-768x543.jpg 768w, https:\/\/www.la-academia-tango.net\/cms\/wp-content\/uploads\/Flyer-A4-Delphine-Grenier-Paris-Ausstellung-La-academia-Tango-Dresden-1-1024x724.jpg 1024w\" sizes=\"auto, (max-width: 3507px) 100vw, 3507px\" \/><\/p>\n<p style=\"text-align: center;\">\n<p style=\"text-align: center;\">\n<p style=\"text-align: center;\">\n<p style=\"text-align: center;\">\n<p style=\"text-align: center;\"><span style=\"color: #000000;\"><strong>eine Performance von Delphine Grenier zur Ausstellung gab es\u00a0<\/strong><strong>28. April 2017\u00a0<\/strong><\/span><br \/>\n<span style=\"color: #000000;\">&#8230;Sit down.<\/span><br \/>\n<span style=\"color: #000000;\">Waiting.<\/span><br \/>\n<span style=\"color: #000000;\">Watching.<\/span><br \/>\n<span style=\"color: #000000;\">Waiting.<\/span><br \/>\n<span style=\"color: #000000;\">Sitting.<\/span><br \/>\n<span style=\"color: #000000;\">Waiting for the free man.<\/span><br \/>\n<span style=\"color: #000000;\">To desire.<\/span><br \/>\n<span style=\"color: #000000;\">To hope.<\/span><br \/>\n<span style=\"color: #000000;\">A foot next or mine&#8230;<\/span><\/p>\n<p style=\"text-align: center;\"><span style=\"color: #ffffff;\">.<\/span><\/p>\n<p style=\"text-align: center;\"><span style=\"color: #000000;\">mehr \u00fcber die K\u00fcnstlerin Delphine Grenier<\/span> <span style=\"color: #0000ff;\"><a style=\"color: #0000ff;\" href=\"http:\/\/www.delphinegrenier.com\/\" target=\"_blank\" rel=\"noopener noreferrer nofollow\">http:\/\/www.delphinegrenier.com\/<\/a><\/span><\/p>\n<p style=\"text-align: center;\"><span style=\"color: #ffffff;\">.<\/span><\/p>\n<p style=\"text-align: center;\"><a href=\"https:\/\/www.facebook.com\/media\/set\/?set=a.848707038604651.1073741870.100003960882835&amp;type=1&amp;l=1f096c4701\" target=\"_blank\" rel=\"noopener noreferrer nofollow\"><img loading=\"lazy\" decoding=\"async\" class=\"wp-image-3482 size-medium alignnone\" src=\"http:\/\/www.la-academia-tango.net\/cms\/wp-content\/uploads\/I02Delphine-Grenier-Performance-La-academia-Tango-Dresden-204x300.jpg\" alt=\"\" width=\"204\" height=\"300\" srcset=\"https:\/\/www.la-academia-tango.net\/cms\/wp-content\/uploads\/I02Delphine-Grenier-Performance-La-academia-Tango-Dresden-204x300.jpg 204w, https:\/\/www.la-academia-tango.net\/cms\/wp-content\/uploads\/I02Delphine-Grenier-Performance-La-academia-Tango-Dresden.jpg 872w\" sizes=\"auto, (max-width: 204px) 100vw, 204px\" \/><\/a><\/p>\n<p style=\"text-align: center;\"><span style=\"color: #0000ff;\"><a style=\"color: #0000ff;\" href=\"https:\/\/www.facebook.com\/media\/set\/?set=a.848707038604651.1073741870.100003960882835&amp;type=1&amp;l=1f096c4701\" rel=\"nofollow noopener\" target=\"_blank\">&gt;&gt;&gt;Impressionen zur Ausstellung und Performance\u00a0<\/a><\/span><\/p>\n<p style=\"text-align: center;\"><span style=\"color: #ffffff;\">.<\/span><\/p>\n<p style=\"text-align: center;\"><span style=\"color: #ffffff;\">.<\/span><\/p>\n<p><a href=\"http:\/\/www.la-academia-tango.net\/cms\/tangocafe\/\"><img loading=\"lazy\" decoding=\"async\" class=\"prozent wp-image-3445 size-full aligncenter\" src=\"http:\/\/www.la-academia-tango.net\/cms\/wp-content\/uploads\/Delphine-Grenier-Performance.jpg\" alt=\"\" width=\"2504\" height=\"1193\" \/><\/a><\/p>\n","protected":false},"excerpt":{"rendered":"<p>&#8222;Zootango&#8220; Delphine Grenier (Paris) Zeichnungen und Drucke Ausstellung in La academia &#8222;Tanzen, Modellieren, Malen und Schreiben \u00fcber den Tango bereitet mit nicht nur ein Vergn\u00fcgen, sondern ist auch eine Art, meine imagin\u00e4ren Wurzeln zu erobern&#8230;&#8220;[&#8230;]<\/p>\n","protected":false},"author":2,"featured_media":0,"parent":0,"menu_order":0,"comment_status":"closed","ping_status":"closed","template":"","meta":{"footnotes":""},"class_list":["post-2835","page","type-page","status-publish","hentry"],"_links":{"self":[{"href":"https:\/\/www.la-academia-tango.net\/cms\/wp-json\/wp\/v2\/pages\/2835","targetHints":{"allow":["GET"]}}],"collection":[{"href":"https:\/\/www.la-academia-tango.net\/cms\/wp-json\/wp\/v2\/pages"}],"about":[{"href":"https:\/\/www.la-academia-tango.net\/cms\/wp-json\/wp\/v2\/types\/page"}],"author":[{"embeddable":true,"href":"https:\/\/www.la-academia-tango.net\/cms\/wp-json\/wp\/v2\/users\/2"}],"replies":[{"embeddable":true,"href":"https:\/\/www.la-academia-tango.net\/cms\/wp-json\/wp\/v2\/comments?post=2835"}],"version-history":[{"count":13,"href":"https:\/\/www.la-academia-tango.net\/cms\/wp-json\/wp\/v2\/pages\/2835\/revisions"}],"predecessor-version":[{"id":4622,"href":"https:\/\/www.la-academia-tango.net\/cms\/wp-json\/wp\/v2\/pages\/2835\/revisions\/4622"}],"wp:attachment":[{"href":"https:\/\/www.la-academia-tango.net\/cms\/wp-json\/wp\/v2\/media?parent=2835"}],"curies":[{"name":"wp","href":"https:\/\/api.w.org\/{rel}","templated":true}]}}